{"id":26686,"date":"2021-02-04T17:48:39","date_gmt":"2021-02-04T15:48:39","guid":{"rendered":"https:\/\/raymond-debieve.fr\/?page_id=26686"},"modified":"2021-02-04T17:48:39","modified_gmt":"2021-02-04T15:48:39","slug":"les-dessins-les-craies","status":"publish","type":"page","link":"https:\/\/raymond-debieve.fr\/en\/les-dessins-les-craies\/","title":{"rendered":"les dessins, les craies"},"content":{"rendered":"<p class=\"qtranxs-available-languages-message qtranxs-available-languages-message-en\">Sorry, this entry is only available in <a href=\"https:\/\/raymond-debieve.fr\/fr\/wp-json\/wp\/v2\/pages\/26686\" class=\"qtranxs-available-language-link qtranxs-available-language-link-fr\" title=\"Fran\u00e7ais\">Fran\u00e7ais<\/a>.<\/p><style type=\"text\/css\" scoped>.rbs_gallery_69f5002d099efSpinner{\r\n\t\t\t\tmargin: 50px auto;\r\n\t\t\t\twidth: 50px;\r\n\t\t\t\theight: 40px;\r\n\t\t\t\ttext-align: center;\r\n\t\t\t\tfont-size: 10px;\r\n\t\t\t}\r\n\t\t\t.rbs_gallery_69f5002d099efSpinner > div{\r\n\t\t\t  background-color: #333;\r\n\t\t\t  height: 100%;\r\n\t\t\t  width: 6px;\r\n\t\t\t  display: inline-block;\r\n\t\t\t  -webkit-animation: rbs_gallery_69f5002d099ef-stretchdelay 1.2s infinite ease-in-out;\r\n\t\t\t  animation: rbs_gallery_69f5002d099ef-stretchdelay 1.2s infinite ease-in-out;\r\n\t\t\t}\r\n\t\t\t.rbs_gallery_69f5002d099efSpinner .rbs_gallery_69f5002d099efRect2 {\r\n\t\t\t  -webkit-animation-delay: -1.1s;\r\n\t\t\t  animation-delay: -1.1s;\r\n\t\t\t}\r\n\t\t\t.rbs_gallery_69f5002d099efSpinner .rbs_gallery_69f5002d099efRect3 {\r\n\t\t\t  -webkit-animation-delay: -1.0s;\r\n\t\t\t  animation-delay: -1.0s;\r\n\t\t\t}\r\n\t\t\t.rbs_gallery_69f5002d099efSpinner .rbs_gallery_69f5002d099efRect4 {\r\n\t\t\t  -webkit-animation-delay: -0.9s;\r\n\t\t\t  animation-delay: -0.9s;\r\n\t\t\t}\r\n\t\t\t.rbs_gallery_69f5002d099efSpinner .rbs_gallery_69f5002d099efRect5 {\r\n\t\t\t  -webkit-animation-delay: -0.8s;\r\n\t\t\t  animation-delay: -0.8s;\r\n\t\t\t}\r\n\t\t\t@-webkit-keyframes rbs_gallery_69f5002d099ef-stretchdelay {\r\n\t\t\t  0%, 40%, 100% { -webkit-transform: scaleY(0.4) }  \r\n\t\t\t  20% { -webkit-transform: scaleY(1.0) }\r\n\t\t\t}\r\n\t\t\t@keyframes rbs_gallery_69f5002d099ef-stretchdelay {\r\n\t\t\t  0%, 40%, 100% { \r\n\t\t\t    transform: scaleY(0.4);\r\n\t\t\t    -webkit-transform: scaleY(0.4);\r\n\t\t\t  }  20% { \r\n\t\t\t    transform: scaleY(1.0);\r\n\t\t\t    -webkit-transform: scaleY(1.0);\r\n\t\t\t  }\r\n\t\t\t}\r\n\t\t<\/style><div class=\"robo-gallery-wrap robo-gallery-wrap-id24426 robo-gallery-\" ><div id=\"rbs_gallery_69f5002d099ef-block-loader\" class=\"rbs_gallery_69f5002d099efSpinner\"><div class=\"rbs_gallery_69f5002d099efRect1\"><\/div> <div class=\"rbs_gallery_69f5002d099efRect2\"><\/div> <div class=\"rbs_gallery_69f5002d099efRect3\"><\/div> <div class=\"rbs_gallery_69f5002d099efRect4\"><\/div> <div class=\"rbs_gallery_69f5002d099efRect5\"><\/div><\/div><div class=\"rbs_gallery_button  rbs_gallery_align_left\" id=\"rbs_gallery_69f5002d099effilter\" style=\" display: none;\" ><a class=\"button button-flat button-rounded button-small  \" href=\"#\" data-filter=\"*\">Tout voir<\/a><\/div><div id=\"robo_gallery_main_block_rbs_gallery_69f5002d099ef\" class=\"robogallery-gallery-24426\" style=\"width:60%;margin:0 auto;  display: none;\"><div id=\"rbs_gallery_69f5002d099ef\" data-options=\"rbs_gallery_69f5002d099ef\" style=\"width:100%;\" class=\"robo_gallery  \"><div class=\"rbs-img  category24426 \" ><div class=\"rbs-img-image   rbs-lightbox \"  data-descbox=\"arlequin - 27 x 21 cm\" ><div class=\"rbs-img-thumbs\"  data-thumbnail=\"https:\/\/raymond-debieve.fr\/wp-content\/uploads\/2019\/08\/arlequin-804x1024.jpg\"  title=\"arlequin - 27 x 21 cm\"  data-width=\"804\"  data-height=\"1024\" ><\/div><div class=\"rbs-img-data-popup\"  data-popup=\"https:\/\/raymond-debieve.fr\/wp-content\/uploads\/2019\/08\/arlequin.jpg\"  title=\"arlequin - 27 x 21 cm\" ><\/div><div class=\"thumbnail-overlay\"><div class=\"rbsTitle \">arlequin - 27 x 21 cm<\/div><div class=\"rbsIcons\"><i class=\"fa fa-search-plus rbsZoomIcon \" ><\/i><\/div><div class=\"rbsDesc \">arlequin - 27 x 21 cm<\/div><\/div><\/div><\/div><div class=\"rbs-img  category24426 \" ><div class=\"rbs-img-image   rbs-lightbox \"  data-descbox=\"ch\u00e8vre et loup encre craie - 22,5x 19,5 cm\" ><div class=\"rbs-img-thumbs\"  data-thumbnail=\"https:\/\/raymond-debieve.fr\/wp-content\/uploads\/2019\/08\/ch\u00e8vre-et-loup-encre-craie-900x1024.jpg\"  title=\"ch\u00e8vre et loup encre craie - 22,5x 19,5 cm\"  data-width=\"900\"  data-height=\"1024\" ><\/div><div class=\"rbs-img-data-popup\"  data-popup=\"https:\/\/raymond-debieve.fr\/wp-content\/uploads\/2019\/08\/ch\u00e8vre-et-loup-encre-craie.jpg\"  title=\"ch\u00e8vre et loup encre craie - 22,5x 19,5 cm\" ><\/div><div class=\"thumbnail-overlay\"><div class=\"rbsTitle \">ch\u00e8vre et loup encre craie - 22,5x 19,5 cm<\/div><div class=\"rbsIcons\"><i class=\"fa fa-search-plus rbsZoomIcon \" ><\/i><\/div><div class=\"rbsDesc \">ch\u00e8vre et loup encre craie - 22,5x 19,5 cm<\/div><\/div><\/div><\/div><div class=\"rbs-img  category24426 \" ><div class=\"rbs-img-image   rbs-lightbox \"  data-descbox=\"dans l&#039;atelier - 21 x 14 cm\" ><div class=\"rbs-img-thumbs\"  data-thumbnail=\"https:\/\/raymond-debieve.fr\/wp-content\/uploads\/2019\/08\/dans-latelier-667x1024.jpg\"  title=\"dans l&#039;atelier - 21 x 14 cm\"  data-width=\"667\"  data-height=\"1024\" ><\/div><div class=\"rbs-img-data-popup\"  data-popup=\"https:\/\/raymond-debieve.fr\/wp-content\/uploads\/2019\/08\/dans-latelier.jpg\"  title=\"dans l&#039;atelier - 21 x 14 cm\" ><\/div><div class=\"thumbnail-overlay\"><div class=\"rbsTitle \">dans l&#039;atelier - 21 x 14 cm<\/div><div class=\"rbsIcons\"><i class=\"fa fa-search-plus rbsZoomIcon \" ><\/i><\/div><div class=\"rbsDesc \">dans l&#039;atelier - 21 x 14 cm<\/div><\/div><\/div><\/div><div class=\"rbs-img  category24426 \" ><div class=\"rbs-img-image   rbs-lightbox \"  data-descbox=\"Debi\u00e8ve - la musique - 10,5x21 cm\" ><div class=\"rbs-img-thumbs\"  data-thumbnail=\"https:\/\/raymond-debieve.fr\/wp-content\/uploads\/2019\/08\/la-musique-1024x511.jpg\"  title=\"Debi\u00e8ve - la musique - 10,5x21 cm\"  data-width=\"900\"  data-height=\"449\" ><\/div><div class=\"rbs-img-data-popup\"  data-popup=\"https:\/\/raymond-debieve.fr\/wp-content\/uploads\/2019\/08\/la-musique.jpg\"  title=\"Debi\u00e8ve - la musique - 10,5x21 cm\" ><\/div><div class=\"thumbnail-overlay\"><div class=\"rbsTitle \">Debi\u00e8ve - la musique - 10,5x21 cm<\/div><div class=\"rbsIcons\"><i class=\"fa fa-search-plus rbsZoomIcon \" ><\/i><\/div><div class=\"rbsDesc \">Debi\u00e8ve - la musique - 10,5x21 cm<\/div><\/div><\/div><\/div><div class=\"rbs-img  category24426 \" ><div class=\"rbs-img-image   rbs-lightbox \"  data-descbox=\"le vin - 14 x 13 cm\" ><div class=\"rbs-img-thumbs\"  data-thumbnail=\"https:\/\/raymond-debieve.fr\/wp-content\/uploads\/2019\/08\/le-vin-940x1024.jpg\"  title=\"le vin - 14 x 13 cm\"  data-width=\"900\"  data-height=\"980\" ><\/div><div class=\"rbs-img-data-popup\"  data-popup=\"https:\/\/raymond-debieve.fr\/wp-content\/uploads\/2019\/08\/le-vin.jpg\"  title=\"le vin - 14 x 13 cm\" ><\/div><div class=\"thumbnail-overlay\"><div class=\"rbsTitle \">le vin - 14 x 13 cm<\/div><div class=\"rbsIcons\"><i class=\"fa fa-search-plus rbsZoomIcon \" ><\/i><\/div><div class=\"rbsDesc \">le vin - 14 x 13 cm<\/div><\/div><\/div><\/div><div class=\"rbs-img  category24426 \" ><div class=\"rbs-img-image   rbs-lightbox \"  data-descbox=\"mineur et son fils - 27 x 21 cm\" ><div class=\"rbs-img-thumbs\"  data-thumbnail=\"https:\/\/raymond-debieve.fr\/wp-content\/uploads\/2019\/08\/mineur-et-son-fils-803x1024.jpg\"  title=\"mineur et son fils - 27 x 21 cm\"  data-width=\"803\"  data-height=\"1024\" ><\/div><div class=\"rbs-img-data-popup\"  data-popup=\"https:\/\/raymond-debieve.fr\/wp-content\/uploads\/2019\/08\/mineur-et-son-fils.jpg\"  title=\"mineur et son fils - 27 x 21 cm\" ><\/div><div class=\"thumbnail-overlay\"><div class=\"rbsTitle \">mineur et son fils - 27 x 21 cm<\/div><div class=\"rbsIcons\"><i class=\"fa fa-search-plus rbsZoomIcon \" ><\/i><\/div><div class=\"rbsDesc \">mineur et son fils - 27 x 21 cm<\/div><\/div><\/div><\/div><div class=\"rbs-img  category24426 \" ><div class=\"rbs-img-image   rbs-lightbox \"  data-descbox=\"portrait femme feutre - 21 x 14 cm\" ><div class=\"rbs-img-thumbs\"  data-thumbnail=\"https:\/\/raymond-debieve.fr\/wp-content\/uploads\/2019\/08\/portrait-femme-feutre-661x1024.jpg\"  title=\"portrait femme feutre - 21 x 14 cm\"  data-width=\"661\"  data-height=\"1024\" ><\/div><div class=\"rbs-img-data-popup\"  data-popup=\"https:\/\/raymond-debieve.fr\/wp-content\/uploads\/2019\/08\/portrait-femme-feutre.jpg\"  title=\"portrait femme feutre - 21 x 14 cm\" ><\/div><div class=\"thumbnail-overlay\"><div class=\"rbsTitle \">portrait femme feutre - 21 x 14 cm<\/div><div class=\"rbsIcons\"><i class=\"fa fa-search-plus rbsZoomIcon \" ><\/i><\/div><div class=\"rbsDesc \">portrait femme feutre - 21 x 14 cm<\/div><\/div><\/div><\/div><div class=\"rbs-img  category24426 \" ><div class=\"rbs-img-image   rbs-lightbox \"  data-descbox=\"Debi\u00e8ve - Provence - 21x27 cm\" ><div class=\"rbs-img-thumbs\"  data-thumbnail=\"https:\/\/raymond-debieve.fr\/wp-content\/uploads\/2019\/08\/provence034-1024x812.jpg\"  title=\"Debi\u00e8ve - Provence - 21x27 cm\"  data-width=\"900\"  data-height=\"714\" ><\/div><div class=\"rbs-img-data-popup\"  data-popup=\"https:\/\/raymond-debieve.fr\/wp-content\/uploads\/2019\/08\/provence034.jpg\"  title=\"Debi\u00e8ve - Provence - 21x27 cm\" ><\/div><div class=\"thumbnail-overlay\"><div class=\"rbsTitle \">Debi\u00e8ve - Provence - 21x27 cm<\/div><div class=\"rbsIcons\"><i class=\"fa fa-search-plus rbsZoomIcon \" ><\/i><\/div><div class=\"rbsDesc \">Debi\u00e8ve - Provence - 21x27 cm<\/div><\/div><\/div><\/div><div class=\"rbs-img  category24426 \" ><div class=\"rbs-img-image   rbs-lightbox \"  data-descbox=\"sc\u00e8ne champ\u00eatre - 21 x 27 cm\" ><div class=\"rbs-img-thumbs\"  data-thumbnail=\"https:\/\/raymond-debieve.fr\/wp-content\/uploads\/2019\/08\/sc\u00e8ne-champ\u00eatre-1024x798.jpg\"  title=\"sc\u00e8ne champ\u00eatre - 21 x 27 cm\"  data-width=\"900\"  data-height=\"701\" ><\/div><div class=\"rbs-img-data-popup\"  data-popup=\"https:\/\/raymond-debieve.fr\/wp-content\/uploads\/2019\/08\/sc\u00e8ne-champ\u00eatre.jpg\"  title=\"sc\u00e8ne champ\u00eatre - 21 x 27 cm\" ><\/div><div class=\"thumbnail-overlay\"><div class=\"rbsTitle \">sc\u00e8ne champ\u00eatre - 21 x 27 cm<\/div><div class=\"rbsIcons\"><i class=\"fa fa-search-plus rbsZoomIcon \" ><\/i><\/div><div class=\"rbsDesc \">sc\u00e8ne champ\u00eatre - 21 x 27 cm<\/div><\/div><\/div><\/div><div class=\"rbs-img  category24426 \" ><div class=\"rbs-img-image   rbs-lightbox \"  data-descbox=\"Debi\u00e8ve - vache couch\u00e9e - 21 x 27 cm\" ><div class=\"rbs-img-thumbs\"  data-thumbnail=\"https:\/\/raymond-debieve.fr\/wp-content\/uploads\/2019\/08\/vache-couch\u00e9e-1024x795.jpg\"  title=\"Debi\u00e8ve - vache couch\u00e9e - 21 x 27 cm\"  data-width=\"900\"  data-height=\"699\" ><\/div><div class=\"rbs-img-data-popup\"  data-popup=\"https:\/\/raymond-debieve.fr\/wp-content\/uploads\/2019\/08\/vache-couch\u00e9e.jpg\"  title=\"Debi\u00e8ve - vache couch\u00e9e - 21 x 27 cm\" ><\/div><div class=\"thumbnail-overlay\"><div class=\"rbsTitle \">Debi\u00e8ve - vache couch\u00e9e - 21 x 27 cm<\/div><div class=\"rbsIcons\"><i class=\"fa fa-search-plus rbsZoomIcon \" ><\/i><\/div><div class=\"rbsDesc \">Debi\u00e8ve - vache couch\u00e9e - 21 x 27 cm<\/div><\/div><\/div><\/div><div class=\"rbs-img  category24426 \" ><div class=\"rbs-img-image   rbs-lightbox \"  data-descbox=\"Debi\u00e8ve -  coq- 27 x 21 cm\" ><div class=\"rbs-img-thumbs\"  data-thumbnail=\"https:\/\/raymond-debieve.fr\/wp-content\/uploads\/2019\/08\/coq032-783x1024.jpg\"  title=\"Debi\u00e8ve - coq- 27 x 21 cm\"  data-width=\"783\"  data-height=\"1024\" ><\/div><div class=\"rbs-img-data-popup\"  data-popup=\"https:\/\/raymond-debieve.fr\/wp-content\/uploads\/2019\/08\/coq032.jpg\"  title=\"Debi\u00e8ve -  coq- 27 x 21 cm\" ><\/div><div class=\"thumbnail-overlay\"><div class=\"rbsTitle \">Debi\u00e8ve - coq- 27 x 21 cm<\/div><div class=\"rbsIcons\"><i class=\"fa fa-search-plus rbsZoomIcon \" ><\/i><\/div><div class=\"rbsDesc \">Debi\u00e8ve -  coq- 27 x 21 cm<\/div><\/div><\/div><\/div><div class=\"rbs-img  category24426 \" ><div class=\"rbs-img-image   rbs-lightbox \"  data-descbox=\"Debi\u00e8ve - cheval encre de chine - 13,5 x 21 cm\" ><div class=\"rbs-img-thumbs\"  data-thumbnail=\"https:\/\/raymond-debieve.fr\/wp-content\/uploads\/2019\/08\/cheval-encre-de-chine-1024x675.jpg\"  title=\"Debi\u00e8ve - cheval encre de chine - 13,5 x 21 cm\"  data-width=\"900\"  data-height=\"593\" ><\/div><div class=\"rbs-img-data-popup\"  data-popup=\"https:\/\/raymond-debieve.fr\/wp-content\/uploads\/2019\/08\/cheval-encre-de-chine.jpg\"  title=\"Debi\u00e8ve - cheval encre de chine - 13,5 x 21 cm\" ><\/div><div class=\"thumbnail-overlay\"><div class=\"rbsTitle \">Debi\u00e8ve - cheval encre de chine - 13,5 x 21 cm<\/div><div class=\"rbsIcons\"><i class=\"fa fa-search-plus rbsZoomIcon \" ><\/i><\/div><div class=\"rbsDesc \">Debi\u00e8ve - cheval encre de chine - 13,5 x 21 cm<\/div><\/div><\/div><\/div><div class=\"rbs-img  category24426 \"  data-columns=\"1\" ><div class=\"rbs-img-image   rbs-lightbox \"  data-descbox=\"Chaises au jardin, 13,5x21cm, 1970\" ><div class=\"rbs-img-thumbs\"  data-thumbnail=\"https:\/\/raymond-debieve.fr\/wp-content\/uploads\/2017\/08\/image399-646x1024.jpg\"  title=\"Chaises au jardin\"  data-width=\"646\"  data-height=\"1024\" ><\/div><div class=\"rbs-img-data-popup\"  data-popup=\"https:\/\/raymond-debieve.fr\/wp-content\/uploads\/2017\/08\/image399.jpg\"  title=\"Chaises au jardin, 13,5x21cm, 1970\" ><\/div><div class=\"thumbnail-overlay\"><div class=\"rbsTitle \">Chaises au jardin<\/div><div class=\"rbsIcons\"><i class=\"fa fa-search-plus rbsZoomIcon \" ><\/i><\/div><div class=\"rbsDesc \"><\/div><\/div><\/div><\/div><div class=\"rbs-img  category24426 \"  data-columns=\"1\" ><div class=\"rbs-img-image   rbs-lightbox \"  data-descbox=\"Maison et cheval, 13,5x21cm, 1970\" ><div class=\"rbs-img-thumbs\"  data-thumbnail=\"https:\/\/raymond-debieve.fr\/wp-content\/uploads\/2017\/08\/image400-655x1024.jpg\"  title=\"Maison et cheval\"  data-width=\"655\"  data-height=\"1024\" ><\/div><div class=\"rbs-img-data-popup\"  data-popup=\"https:\/\/raymond-debieve.fr\/wp-content\/uploads\/2017\/08\/image400.jpg\"  title=\"Maison et cheval, 13,5x21cm, 1970\" ><\/div><div class=\"thumbnail-overlay\"><div class=\"rbsTitle \">Maison et cheval<\/div><div class=\"rbsIcons\"><i class=\"fa fa-search-plus rbsZoomIcon \" ><\/i><\/div><div class=\"rbsDesc \"><\/div><\/div><\/div><\/div><div class=\"rbs-img  category24426 \"  data-columns=\"1\" ><div class=\"rbs-img-image   rbs-lightbox \"  data-descbox=\"maison rouge et arbustes, 13,5x21cm, 1970\" ><div class=\"rbs-img-thumbs\"  data-thumbnail=\"https:\/\/raymond-debieve.fr\/wp-content\/uploads\/2017\/08\/image401-653x1024.jpg\"  title=\"maison rouge et arbustes\"  data-width=\"653\"  data-height=\"1024\" ><\/div><div class=\"rbs-img-data-popup\"  data-popup=\"https:\/\/raymond-debieve.fr\/wp-content\/uploads\/2017\/08\/image401.jpg\"  title=\"maison rouge et arbustes, 13,5x21cm, 1970\" ><\/div><div class=\"thumbnail-overlay\"><div class=\"rbsTitle \">maison rouge et arbustes<\/div><div class=\"rbsIcons\"><i class=\"fa fa-search-plus rbsZoomIcon \" ><\/i><\/div><div class=\"rbsDesc \"><\/div><\/div><\/div><\/div><div class=\"rbs-img  category24426 \"  data-columns=\"1\" ><div class=\"rbs-img-image   rbs-lightbox \"  data-descbox=\"maison rouge et jardin, 13,5x21cm, 1970\" ><div class=\"rbs-img-thumbs\"  data-thumbnail=\"https:\/\/raymond-debieve.fr\/wp-content\/uploads\/2017\/08\/image402-656x1024.jpg\"  title=\"maison rouge et jardin\"  data-width=\"656\"  data-height=\"1024\" ><\/div><div class=\"rbs-img-data-popup\"  data-popup=\"https:\/\/raymond-debieve.fr\/wp-content\/uploads\/2017\/08\/image402.jpg\"  title=\"maison rouge et jardin, 13,5x21cm, 1970\" ><\/div><div class=\"thumbnail-overlay\"><div class=\"rbsTitle \">maison rouge et jardin<\/div><div class=\"rbsIcons\"><i class=\"fa fa-search-plus rbsZoomIcon \" ><\/i><\/div><div class=\"rbsDesc \"><\/div><\/div><\/div><\/div><div class=\"rbs-img  category24426 \"  data-columns=\"1\" ><div class=\"rbs-img-image   rbs-lightbox \"  data-descbox=\"Enfant au jardin, 13,5x21cm, 1970\" ><div class=\"rbs-img-thumbs\"  data-thumbnail=\"https:\/\/raymond-debieve.fr\/wp-content\/uploads\/2017\/08\/image403-654x1024.jpg\"  title=\"Enfant au jardin\"  data-width=\"654\"  data-height=\"1024\" ><\/div><div class=\"rbs-img-data-popup\"  data-popup=\"https:\/\/raymond-debieve.fr\/wp-content\/uploads\/2017\/08\/image403.jpg\"  title=\"Enfant au jardin, 13,5x21cm, 1970\" ><\/div><div class=\"thumbnail-overlay\"><div class=\"rbsTitle \">Enfant au jardin<\/div><div class=\"rbsIcons\"><i class=\"fa fa-search-plus rbsZoomIcon \" ><\/i><\/div><div class=\"rbsDesc \"><\/div><\/div><\/div><\/div><div class=\"rbs-img  category24426 \"  data-columns=\"1\" ><div class=\"rbs-img-image   rbs-lightbox \"  data-descbox=\"L&#039;all\u00e9e du jardin, 13,5x21cm, 1970\" ><div class=\"rbs-img-thumbs\"  data-thumbnail=\"https:\/\/raymond-debieve.fr\/wp-content\/uploads\/2017\/08\/image404-653x1024.jpg\"  title=\"L&#039;all\u00e9e du jardin\"  data-width=\"653\"  data-height=\"1024\" ><\/div><div class=\"rbs-img-data-popup\"  data-popup=\"https:\/\/raymond-debieve.fr\/wp-content\/uploads\/2017\/08\/image404.jpg\"  title=\"L&#039;all\u00e9e du jardin, 13,5x21cm, 1970\" ><\/div><div class=\"thumbnail-overlay\"><div class=\"rbsTitle \">L&#039;all\u00e9e du jardin<\/div><div class=\"rbsIcons\"><i class=\"fa fa-search-plus rbsZoomIcon \" ><\/i><\/div><div class=\"rbsDesc \"><\/div><\/div><\/div><\/div><div class=\"rbs-img  category24426 \"  data-columns=\"1\" ><div class=\"rbs-img-image   rbs-lightbox \"  data-descbox=\"vache couch\u00e9e, 21x13,5cm, 1970\" ><div class=\"rbs-img-thumbs\"  data-thumbnail=\"https:\/\/raymond-debieve.fr\/wp-content\/uploads\/2017\/08\/image405-e1502815797608-1024x590.jpg\"  title=\"vache couch\u00e9e\"  data-width=\"900\"  data-height=\"519\" ><\/div><div class=\"rbs-img-data-popup\"  data-popup=\"https:\/\/raymond-debieve.fr\/wp-content\/uploads\/2017\/08\/image405-e1502815797608.jpg\"  title=\"vache couch\u00e9e, 21x13,5cm, 1970\" ><\/div><div class=\"thumbnail-overlay\"><div class=\"rbsTitle \">vache couch\u00e9e<\/div><div class=\"rbsIcons\"><i class=\"fa fa-search-plus rbsZoomIcon \" ><\/i><\/div><div class=\"rbsDesc \"><\/div><\/div><\/div><\/div><div class=\"rbs-img  category24426 \"  data-columns=\"1\" ><div class=\"rbs-img-image   rbs-lightbox \"  data-descbox=\"dessin verso craie vache couch\u00e9e\" ><div class=\"rbs-img-thumbs\"  data-thumbnail=\"https:\/\/raymond-debieve.fr\/wp-content\/uploads\/2017\/08\/image406-679x1024.jpg\"  title=\"dessin verso craie vache couch\u00e9e\"  data-width=\"679\"  data-height=\"1024\" ><\/div><div class=\"rbs-img-data-popup\"  data-popup=\"https:\/\/raymond-debieve.fr\/wp-content\/uploads\/2017\/08\/image406.jpg\"  title=\"dessin verso craie vache couch\u00e9e\" ><\/div><div class=\"thumbnail-overlay\"><div class=\"rbsTitle \">dessin verso craie vache couch\u00e9e<\/div><div class=\"rbsIcons\"><i class=\"fa fa-search-plus rbsZoomIcon \" ><\/i><\/div><div class=\"rbsDesc \"><\/div><\/div><\/div><\/div><div class=\"rbs-img  category24426 \"  data-columns=\"1\" ><div class=\"rbs-img-image   rbs-lightbox \"  data-descbox=\"devant la maison, 13,5x21cm, 1970\" ><div class=\"rbs-img-thumbs\"  data-thumbnail=\"https:\/\/raymond-debieve.fr\/wp-content\/uploads\/2017\/08\/image407-e1502815676776-1024x654.jpg\"  title=\"devant la maison\"  data-width=\"900\"  data-height=\"575\" ><\/div><div class=\"rbs-img-data-popup\"  data-popup=\"https:\/\/raymond-debieve.fr\/wp-content\/uploads\/2017\/08\/image407-e1502815676776.jpg\"  title=\"devant la maison, 13,5x21cm, 1970\" ><\/div><div class=\"thumbnail-overlay\"><div class=\"rbsTitle \">devant la maison<\/div><div class=\"rbsIcons\"><i class=\"fa fa-search-plus rbsZoomIcon \" ><\/i><\/div><div class=\"rbsDesc \"><\/div><\/div><\/div><\/div><div class=\"rbs-img  category24426 \"  data-columns=\"1\" ><div class=\"rbs-img-image   rbs-lightbox \"  data-descbox=\"Au jardin, 13,5x21cm, 1970\" ><div class=\"rbs-img-thumbs\"  data-thumbnail=\"https:\/\/raymond-debieve.fr\/wp-content\/uploads\/2017\/08\/image408-646x1024.jpg\"  title=\"Au jardin\"  data-width=\"646\"  data-height=\"1024\" ><\/div><div class=\"rbs-img-data-popup\"  data-popup=\"https:\/\/raymond-debieve.fr\/wp-content\/uploads\/2017\/08\/image408.jpg\"  title=\"Au jardin, 13,5x21cm, 1970\" ><\/div><div class=\"thumbnail-overlay\"><div class=\"rbsTitle \">Au jardin<\/div><div class=\"rbsIcons\"><i class=\"fa fa-search-plus rbsZoomIcon \" ><\/i><\/div><div class=\"rbsDesc \"><\/div><\/div><\/div><\/div><div class=\"rbs-img  category24426 \"  data-columns=\"1\" ><div class=\"rbs-img-image   rbs-lightbox \"  data-descbox=\"guerre et paix I, aquarelle et craie, 27x21 cm\" ><div class=\"rbs-img-thumbs\"  data-thumbnail=\"https:\/\/raymond-debieve.fr\/wp-content\/uploads\/2016\/08\/img002-793x1024.jpg\"  title=\"guerre et paix I\"  data-width=\"793\"  data-height=\"1024\" ><\/div><div class=\"rbs-img-data-popup\"  data-popup=\"https:\/\/raymond-debieve.fr\/wp-content\/uploads\/2016\/08\/img002.jpg\"  title=\"guerre et paix I, aquarelle et craie, 27x21 cm\" ><\/div><div class=\"thumbnail-overlay\"><div class=\"rbsTitle \">guerre et paix I<\/div><div class=\"rbsIcons\"><i class=\"fa fa-search-plus rbsZoomIcon \" ><\/i><\/div><div class=\"rbsDesc \">guerre et paix I, aquarelle et craie, 27x21 cm<\/div><\/div><\/div><\/div><div class=\"rbs-img  category24426 \"  data-columns=\"1\" ><div class=\"rbs-img-image   rbs-lightbox \"  data-descbox=\"guerre et paix, aquarelle et craie, 27x21 cm\" ><div class=\"rbs-img-thumbs\"  data-thumbnail=\"https:\/\/raymond-debieve.fr\/wp-content\/uploads\/2016\/08\/img003-788x1024.jpg\"  title=\"guerre et paix\"  data-width=\"788\"  data-height=\"1024\" ><\/div><div class=\"rbs-img-data-popup\"  data-popup=\"https:\/\/raymond-debieve.fr\/wp-content\/uploads\/2016\/08\/img003.jpg\"  title=\"guerre et paix, aquarelle et craie, 27x21 cm\" ><\/div><div class=\"thumbnail-overlay\"><div class=\"rbsTitle \">guerre et paix<\/div><div class=\"rbsIcons\"><i class=\"fa fa-search-plus rbsZoomIcon \" ><\/i><\/div><div class=\"rbsDesc \">guerre et paix, aquarelle et craie, 27x21 cm<\/div><\/div><\/div><\/div><div class=\"rbs-img  category24426 \"  data-columns=\"1\" ><div class=\"rbs-img-image   rbs-lightbox \"  data-descbox=\"guerre et paix IX, aquarelle et craie, 27x21 cm\" ><div class=\"rbs-img-thumbs\"  data-thumbnail=\"https:\/\/raymond-debieve.fr\/wp-content\/uploads\/2016\/08\/img004-798x1024.jpg\"  title=\"guerre et paix IX\"  data-width=\"798\"  data-height=\"1024\" ><\/div><div class=\"rbs-img-data-popup\"  data-popup=\"https:\/\/raymond-debieve.fr\/wp-content\/uploads\/2016\/08\/img004.jpg\"  title=\"guerre et paix IX, aquarelle et craie, 27x21 cm\" ><\/div><div class=\"thumbnail-overlay\"><div class=\"rbsTitle \">guerre et paix IX<\/div><div class=\"rbsIcons\"><i class=\"fa fa-search-plus rbsZoomIcon \" ><\/i><\/div><div class=\"rbsDesc \">guerre et paix IX, aquarelle et craie, 27x21 cm<\/div><\/div><\/div><\/div><div class=\"rbs-img  category24426 \"  data-columns=\"1\" ><div class=\"rbs-img-image   rbs-lightbox \"  data-descbox=\"le baiser X, aquarelle et craie, 27x21 cm\" ><div class=\"rbs-img-thumbs\"  data-thumbnail=\"https:\/\/raymond-debieve.fr\/wp-content\/uploads\/2016\/08\/img005-819x1024.jpg\"  title=\"le baiser X\"  data-width=\"819\"  data-height=\"1024\" ><\/div><div class=\"rbs-img-data-popup\"  data-popup=\"https:\/\/raymond-debieve.fr\/wp-content\/uploads\/2016\/08\/img005.jpg\"  title=\"le baiser X, aquarelle et craie, 27x21 cm\"  data-alt=\"le baiser X\" ><\/div><div class=\"thumbnail-overlay\"><div class=\"rbsTitle \">le baiser X<\/div><div class=\"rbsIcons\"><i class=\"fa fa-search-plus rbsZoomIcon \" ><\/i><\/div><div class=\"rbsDesc \">le baiser X, aquarelle et craie, 27x21 cm<\/div><\/div><\/div><\/div><div class=\"rbs-img  category24426 \"  data-columns=\"1\" ><div class=\"rbs-img-image   rbs-lightbox \"  data-descbox=\"le baiser II, aquarelle et craie, 27x21 cm\" ><div class=\"rbs-img-thumbs\"  data-thumbnail=\"https:\/\/raymond-debieve.fr\/wp-content\/uploads\/2016\/08\/img006-798x1024.jpg\"  title=\"le baiser II\"  data-width=\"798\"  data-height=\"1024\" ><\/div><div class=\"rbs-img-data-popup\"  data-popup=\"https:\/\/raymond-debieve.fr\/wp-content\/uploads\/2016\/08\/img006.jpg\"  title=\"le baiser II, aquarelle et craie, 27x21 cm\" ><\/div><div class=\"thumbnail-overlay\"><div class=\"rbsTitle \">le baiser II<\/div><div class=\"rbsIcons\"><i class=\"fa fa-search-plus rbsZoomIcon \" ><\/i><\/div><div class=\"rbsDesc \">le baiser II, aquarelle et craie, 27x21 cm<\/div><\/div><\/div><\/div><div class=\"rbs-img  category24426 \"  data-columns=\"1\" ><div class=\"rbs-img-image   rbs-lightbox \"  data-descbox=\"le baiser IX, aquarelle et craie, 27x21 cm\" ><div class=\"rbs-img-thumbs\"  data-thumbnail=\"https:\/\/raymond-debieve.fr\/wp-content\/uploads\/2016\/08\/img007-826x1024.jpg\"  title=\"le baiser IX\"  data-width=\"826\"  data-height=\"1024\" ><\/div><div class=\"rbs-img-data-popup\"  data-popup=\"https:\/\/raymond-debieve.fr\/wp-content\/uploads\/2016\/08\/img007.jpg\"  title=\"le baiser IX, aquarelle et craie, 27x21 cm\" ><\/div><div class=\"thumbnail-overlay\"><div class=\"rbsTitle \">le baiser IX<\/div><div class=\"rbsIcons\"><i class=\"fa fa-search-plus rbsZoomIcon \" ><\/i><\/div><div class=\"rbsDesc \">le baiser IX, aquarelle et craie, 27x21 cm<\/div><\/div><\/div><\/div><div class=\"rbs-img  category24426 \"  data-columns=\"1\" ><div class=\"rbs-img-image   rbs-lightbox \"  data-descbox=\"jeune gar\u00e7on en col\u00e8re III, aquarelle et craie, 27x21 cm\" ><div class=\"rbs-img-thumbs\"  data-thumbnail=\"https:\/\/raymond-debieve.fr\/wp-content\/uploads\/2016\/08\/img008-797x1024.jpg\"  title=\"jeune gar\u00e7on en col\u00e8re III\"  data-width=\"797\"  data-height=\"1024\" ><\/div><div class=\"rbs-img-data-popup\"  data-popup=\"https:\/\/raymond-debieve.fr\/wp-content\/uploads\/2016\/08\/img008.jpg\"  title=\"jeune gar\u00e7on en col\u00e8re III, aquarelle et craie, 27x21 cm\" ><\/div><div class=\"thumbnail-overlay\"><div class=\"rbsTitle \">jeune gar\u00e7on en col\u00e8re III<\/div><div class=\"rbsIcons\"><i class=\"fa fa-search-plus rbsZoomIcon \" ><\/i><\/div><div class=\"rbsDesc \">jeune gar\u00e7on en col\u00e8re III, aquarelle et craie, 27x21 cm<\/div><\/div><\/div><\/div><div class=\"rbs-img  category24426 \"  data-columns=\"1\" ><div class=\"rbs-img-image   rbs-lightbox \"  data-descbox=\"jeune gar\u00e7on en col\u00e8re II, aquarelle et craie, 27x21 cm\" ><div class=\"rbs-img-thumbs\"  data-thumbnail=\"https:\/\/raymond-debieve.fr\/wp-content\/uploads\/2016\/08\/img009-818x1024.jpg\"  title=\"jeune gar\u00e7on en col\u00e8re II\"  data-width=\"818\"  data-height=\"1024\" ><\/div><div class=\"rbs-img-data-popup\"  data-popup=\"https:\/\/raymond-debieve.fr\/wp-content\/uploads\/2016\/08\/img009.jpg\"  title=\"jeune gar\u00e7on en col\u00e8re II, aquarelle et craie, 27x21 cm\" ><\/div><div class=\"thumbnail-overlay\"><div class=\"rbsTitle \">jeune gar\u00e7on en col\u00e8re II<\/div><div class=\"rbsIcons\"><i class=\"fa fa-search-plus rbsZoomIcon \" ><\/i><\/div><div class=\"rbsDesc \">jeune gar\u00e7on en col\u00e8re II, aquarelle et craie, 27x21 cm<\/div><\/div><\/div><\/div><div class=\"rbs-img  category24426 \"  data-columns=\"1\" ><div class=\"rbs-img-image   rbs-lightbox \"  data-descbox=\"jeune gar\u00e7on en col\u00e8re, I, aquarelle et craie, 27x21 cm\" ><div class=\"rbs-img-thumbs\"  data-thumbnail=\"https:\/\/raymond-debieve.fr\/wp-content\/uploads\/2016\/08\/img010-797x1024.jpg\"  title=\"jeune gar\u00e7on en col\u00e8re I\"  data-width=\"797\"  data-height=\"1024\" ><\/div><div class=\"rbs-img-data-popup\"  data-popup=\"https:\/\/raymond-debieve.fr\/wp-content\/uploads\/2016\/08\/img010.jpg\"  title=\"jeune gar\u00e7on en col\u00e8re, I, aquarelle et craie, 27x21 cm\" ><\/div><div class=\"thumbnail-overlay\"><div class=\"rbsTitle \">jeune gar\u00e7on en col\u00e8re I<\/div><div class=\"rbsIcons\"><i class=\"fa fa-search-plus rbsZoomIcon \" ><\/i><\/div><div class=\"rbsDesc \">jeune gar\u00e7on en col\u00e8re, I, aquarelle et craie, 27x21 cm<\/div><\/div><\/div><\/div><div class=\"rbs-img  category24426 \"  data-columns=\"1\" ><div class=\"rbs-img-image   rbs-lightbox \"  data-descbox=\"La Fontaine et le renard, aquarelle et craie, 27x21 cm\" ><div class=\"rbs-img-thumbs\"  data-thumbnail=\"https:\/\/raymond-debieve.fr\/wp-content\/uploads\/2016\/08\/img011-e1471534124427-1024x748.jpg\"  title=\"La Fontaine et le renard\"  data-width=\"900\"  data-height=\"657\" ><\/div><div class=\"rbs-img-data-popup\"  data-popup=\"https:\/\/raymond-debieve.fr\/wp-content\/uploads\/2016\/08\/img011-e1471534124427.jpg\"  title=\"La Fontaine et le renard, aquarelle et craie, 27x21 cm\" ><\/div><div class=\"thumbnail-overlay\"><div class=\"rbsTitle \">La Fontaine et le renard<\/div><div class=\"rbsIcons\"><i class=\"fa fa-search-plus rbsZoomIcon \" ><\/i><\/div><div class=\"rbsDesc \">La Fontaine et le renard, aquarelle et craie, 27x21 cm<\/div><\/div><\/div><\/div><div class=\"rbs-img  category24426 \"  data-columns=\"1\" ><div class=\"rbs-img-image   rbs-lightbox \"  data-descbox=\"jeune gar\u00e7on VII, aquarelle et craie, 27x21 cm\" ><div class=\"rbs-img-thumbs\"  data-thumbnail=\"https:\/\/raymond-debieve.fr\/wp-content\/uploads\/2016\/08\/img012-755x1024.jpg\"  title=\"jeune gar\u00e7on VII\"  data-width=\"755\"  data-height=\"1024\" ><\/div><div class=\"rbs-img-data-popup\"  data-popup=\"https:\/\/raymond-debieve.fr\/wp-content\/uploads\/2016\/08\/img012.jpg\"  title=\"jeune gar\u00e7on VII, aquarelle et craie, 27x21 cm\" ><\/div><div class=\"thumbnail-overlay\"><div class=\"rbsTitle \">jeune gar\u00e7on VII<\/div><div class=\"rbsIcons\"><i class=\"fa fa-search-plus rbsZoomIcon \" ><\/i><\/div><div class=\"rbsDesc \">jeune gar\u00e7on VII, aquarelle et craie, 27x21 cm<\/div><\/div><\/div><\/div><div class=\"rbs-img  category24426 \"  data-columns=\"1\" ><div class=\"rbs-img-image   rbs-lightbox \"  data-descbox=\"jeune gar\u00e7on XII, aquarelle et craie, 27x21 cm\" ><div class=\"rbs-img-thumbs\"  data-thumbnail=\"https:\/\/raymond-debieve.fr\/wp-content\/uploads\/2016\/08\/img013-771x1024.jpg\"  title=\"jeune gar\u00e7on XII\"  data-width=\"771\"  data-height=\"1024\" ><\/div><div class=\"rbs-img-data-popup\"  data-popup=\"https:\/\/raymond-debieve.fr\/wp-content\/uploads\/2016\/08\/img013.jpg\"  title=\"jeune gar\u00e7on XII, aquarelle et craie, 27x21 cm\" ><\/div><div class=\"thumbnail-overlay\"><div class=\"rbsTitle \">jeune gar\u00e7on XII<\/div><div class=\"rbsIcons\"><i class=\"fa fa-search-plus rbsZoomIcon \" ><\/i><\/div><div class=\"rbsDesc \">jeune gar\u00e7on XII, aquarelle et craie, 27x21 cm<\/div><\/div><\/div><\/div><div class=\"rbs-img  category24426 \"  data-columns=\"1\" ><div class=\"rbs-img-image   rbs-lightbox \"  data-descbox=\"jeune gar\u00e7on VII, aquarelle et craie, 27x21 cm\" ><div class=\"rbs-img-thumbs\"  data-thumbnail=\"https:\/\/raymond-debieve.fr\/wp-content\/uploads\/2016\/08\/img014-797x1024.jpg\"  title=\"jeune gar\u00e7on VII\"  data-width=\"797\"  data-height=\"1024\" ><\/div><div class=\"rbs-img-data-popup\"  data-popup=\"https:\/\/raymond-debieve.fr\/wp-content\/uploads\/2016\/08\/img014.jpg\"  title=\"jeune gar\u00e7on VII, aquarelle et craie, 27x21 cm\" ><\/div><div class=\"thumbnail-overlay\"><div class=\"rbsTitle \">jeune gar\u00e7on VII<\/div><div class=\"rbsIcons\"><i class=\"fa fa-search-plus rbsZoomIcon \" ><\/i><\/div><div class=\"rbsDesc \">jeune gar\u00e7on VII, aquarelle et craie, 27x21 cm<\/div><\/div><\/div><\/div><div class=\"rbs-img  category24426 \"  data-columns=\"1\" ><div class=\"rbs-img-image   rbs-lightbox \"  data-descbox=\"femme au ch\u00e2le I, aquarelle et craie, 27x21 cm\" ><div class=\"rbs-img-thumbs\"  data-thumbnail=\"https:\/\/raymond-debieve.fr\/wp-content\/uploads\/2016\/08\/img015-787x1024.jpg\"  title=\"femme au ch\u00e2le I\"  data-width=\"787\"  data-height=\"1024\" ><\/div><div class=\"rbs-img-data-popup\"  data-popup=\"https:\/\/raymond-debieve.fr\/wp-content\/uploads\/2016\/08\/img015.jpg\"  title=\"femme au ch\u00e2le I, aquarelle et craie, 27x21 cm\" ><\/div><div class=\"thumbnail-overlay\"><div class=\"rbsTitle \">femme au ch\u00e2le I<\/div><div class=\"rbsIcons\"><i class=\"fa fa-search-plus rbsZoomIcon \" ><\/i><\/div><div class=\"rbsDesc \">femme au ch\u00e2le I, aquarelle et craie, 27x21 cm<\/div><\/div><\/div><\/div><div class=\"rbs-img  category24426 \"  data-columns=\"1\" ><div class=\"rbs-img-image   rbs-lightbox \"  data-descbox=\"femme au ch\u00e2le II, aquarelle et craie, 27x21 cm\" ><div class=\"rbs-img-thumbs\"  data-thumbnail=\"https:\/\/raymond-debieve.fr\/wp-content\/uploads\/2016\/08\/img016-799x1024.jpg\"  title=\"femme au ch\u00e2le II\"  data-width=\"799\"  data-height=\"1024\" ><\/div><div class=\"rbs-img-data-popup\"  data-popup=\"https:\/\/raymond-debieve.fr\/wp-content\/uploads\/2016\/08\/img016.jpg\"  title=\"femme au ch\u00e2le II, aquarelle et craie, 27x21 cm\" ><\/div><div class=\"thumbnail-overlay\"><div class=\"rbsTitle \">femme au ch\u00e2le II<\/div><div class=\"rbsIcons\"><i class=\"fa fa-search-plus rbsZoomIcon \" ><\/i><\/div><div class=\"rbsDesc \">femme au ch\u00e2le II, aquarelle et craie, 27x21 cm<\/div><\/div><\/div><\/div><div class=\"rbs-img  category24426 \"  data-columns=\"1\" ><div class=\"rbs-img-image   rbs-lightbox \"  data-descbox=\"femme au ch\u00e2le V, aquarelle et craie, 27x21 cm\" ><div class=\"rbs-img-thumbs\"  data-thumbnail=\"https:\/\/raymond-debieve.fr\/wp-content\/uploads\/2016\/08\/img017-787x1024.jpg\"  title=\"femme au ch\u00e2le V\"  data-width=\"787\"  data-height=\"1024\" ><\/div><div class=\"rbs-img-data-popup\"  data-popup=\"https:\/\/raymond-debieve.fr\/wp-content\/uploads\/2016\/08\/img017.jpg\"  title=\"femme au ch\u00e2le V, aquarelle et craie, 27x21 cm\" ><\/div><div class=\"thumbnail-overlay\"><div class=\"rbsTitle \">femme au ch\u00e2le V<\/div><div class=\"rbsIcons\"><i class=\"fa fa-search-plus rbsZoomIcon \" ><\/i><\/div><div class=\"rbsDesc \">femme au ch\u00e2le V, aquarelle et craie, 27x21 cm<\/div><\/div><\/div><\/div><div class=\"rbs-img  category24426 \"  data-columns=\"1\" ><div class=\"rbs-img-image   rbs-lightbox \"  data-descbox=\"femme au ch\u00e2le XIII, aquarelle et craie, 27x21 cm\" ><div class=\"rbs-img-thumbs\"  data-thumbnail=\"https:\/\/raymond-debieve.fr\/wp-content\/uploads\/2016\/08\/img018-787x1024.jpg\"  title=\"femme au ch\u00e2le XIII\"  data-width=\"787\"  data-height=\"1024\" ><\/div><div class=\"rbs-img-data-popup\"  data-popup=\"https:\/\/raymond-debieve.fr\/wp-content\/uploads\/2016\/08\/img018.jpg\"  title=\"femme au ch\u00e2le XIII, aquarelle et craie, 27x21 cm\" ><\/div><div class=\"thumbnail-overlay\"><div class=\"rbsTitle \">femme au ch\u00e2le XIII<\/div><div class=\"rbsIcons\"><i class=\"fa fa-search-plus rbsZoomIcon \" ><\/i><\/div><div class=\"rbsDesc \">femme au ch\u00e2le XIII, aquarelle et craie, 27x21 cm<\/div><\/div><\/div><\/div><div class=\"rbs-img  category24426 \"  data-columns=\"1\" ><div class=\"rbs-img-image   rbs-lightbox \"  data-descbox=\"femme au ch\u00e2le IV, aquarelle et craie, 27x21 cm\" ><div class=\"rbs-img-thumbs\"  data-thumbnail=\"https:\/\/raymond-debieve.fr\/wp-content\/uploads\/2016\/08\/img019-809x1024.jpg\"  title=\"femme au ch\u00e2le IV\"  data-width=\"809\"  data-height=\"1024\" ><\/div><div class=\"rbs-img-data-popup\"  data-popup=\"https:\/\/raymond-debieve.fr\/wp-content\/uploads\/2016\/08\/img019.jpg\"  title=\"femme au ch\u00e2le IV, aquarelle et craie, 27x21 cm\" ><\/div><div class=\"thumbnail-overlay\"><div class=\"rbsTitle \">femme au ch\u00e2le IV<\/div><div class=\"rbsIcons\"><i class=\"fa fa-search-plus rbsZoomIcon \" ><\/i><\/div><div class=\"rbsDesc \">femme au ch\u00e2le IV, aquarelle et craie, 27x21 cm<\/div><\/div><\/div><\/div><div class=\"rbs-img  category24426 \"  data-columns=\"1\" ><div class=\"rbs-img-image   rbs-lightbox \"  data-descbox=\"femme au chat II, aquarelle et craie, 27x21 cm\" ><div class=\"rbs-img-thumbs\"  data-thumbnail=\"https:\/\/raymond-debieve.fr\/wp-content\/uploads\/2016\/08\/img020-795x1024.jpg\"  title=\"femme au chat II\"  data-width=\"795\"  data-height=\"1024\" ><\/div><div class=\"rbs-img-data-popup\"  data-popup=\"https:\/\/raymond-debieve.fr\/wp-content\/uploads\/2016\/08\/img020.jpg\"  title=\"femme au chat II, aquarelle et craie, 27x21 cm\" ><\/div><div class=\"thumbnail-overlay\"><div class=\"rbsTitle \">femme au chat II<\/div><div class=\"rbsIcons\"><i class=\"fa fa-search-plus rbsZoomIcon \" ><\/i><\/div><div class=\"rbsDesc \">femme au chat II, aquarelle et craie, 27x21 cm<\/div><\/div><\/div><\/div><div class=\"rbs-img  category24426 \"  data-columns=\"1\" ><div class=\"rbs-img-image   rbs-lightbox \"  data-descbox=\"femme au ch\u00e2le VI, aquarelle et craie, 27x21 cm\" ><div class=\"rbs-img-thumbs\"  data-thumbnail=\"https:\/\/raymond-debieve.fr\/wp-content\/uploads\/2016\/08\/img021-797x1024.jpg\"  title=\"femme au ch\u00e2le VI\"  data-width=\"797\"  data-height=\"1024\" ><\/div><div class=\"rbs-img-data-popup\"  data-popup=\"https:\/\/raymond-debieve.fr\/wp-content\/uploads\/2016\/08\/img021.jpg\"  title=\"femme au ch\u00e2le VI, aquarelle et craie, 27x21 cm\" ><\/div><div class=\"thumbnail-overlay\"><div class=\"rbsTitle \">femme au ch\u00e2le VI<\/div><div class=\"rbsIcons\"><i class=\"fa fa-search-plus rbsZoomIcon \" ><\/i><\/div><div class=\"rbsDesc \">femme au ch\u00e2le VI, aquarelle et craie, 27x21 cm<\/div><\/div><\/div><\/div><div class=\"rbs-img  category24426 \"  data-columns=\"1\" ><div class=\"rbs-img-image   rbs-lightbox \"  data-descbox=\"femme au chat V, aquarelle et craie, 27x21 cm\" ><div class=\"rbs-img-thumbs\"  data-thumbnail=\"https:\/\/raymond-debieve.fr\/wp-content\/uploads\/2016\/08\/img022-815x1024.jpg\"  title=\"femme au chat V\"  data-width=\"815\"  data-height=\"1024\" ><\/div><div class=\"rbs-img-data-popup\"  data-popup=\"https:\/\/raymond-debieve.fr\/wp-content\/uploads\/2016\/08\/img022.jpg\"  title=\"femme au chat V, aquarelle et craie, 27x21 cm\" ><\/div><div class=\"thumbnail-overlay\"><div class=\"rbsTitle \">femme au chat V<\/div><div class=\"rbsIcons\"><i class=\"fa fa-search-plus rbsZoomIcon \" ><\/i><\/div><div class=\"rbsDesc \">femme au chat V, aquarelle et craie, 27x21 cm<\/div><\/div><\/div><\/div><div class=\"rbs-img  category24426 \"  data-columns=\"1\" ><div class=\"rbs-img-image   rbs-lightbox \"  data-descbox=\"femme au chat XXI, aquarelle et craie, 27x21 cm\" ><div class=\"rbs-img-thumbs\"  data-thumbnail=\"https:\/\/raymond-debieve.fr\/wp-content\/uploads\/2016\/08\/img023-781x1024.jpg\"  title=\"femme au chat XXI\"  data-width=\"781\"  data-height=\"1024\" ><\/div><div class=\"rbs-img-data-popup\"  data-popup=\"https:\/\/raymond-debieve.fr\/wp-content\/uploads\/2016\/08\/img023.jpg\"  title=\"femme au chat XXI, aquarelle et craie, 27x21 cm\" ><\/div><div class=\"thumbnail-overlay\"><div class=\"rbsTitle \">femme au chat XXI<\/div><div class=\"rbsIcons\"><i class=\"fa fa-search-plus rbsZoomIcon \" ><\/i><\/div><div class=\"rbsDesc \">femme au chat XXI, aquarelle et craie, 27x21 cm<\/div><\/div><\/div><\/div><div class=\"rbs-img  category24426 \"  data-columns=\"1\" ><div class=\"rbs-img-image   rbs-lightbox \"  data-descbox=\"femme brune IV, aquarelle et craie, 27x21 cm\" ><div class=\"rbs-img-thumbs\"  data-thumbnail=\"https:\/\/raymond-debieve.fr\/wp-content\/uploads\/2016\/08\/img024-784x1024.jpg\"  title=\"femme brune IV\"  data-width=\"784\"  data-height=\"1024\" ><\/div><div class=\"rbs-img-data-popup\"  data-popup=\"https:\/\/raymond-debieve.fr\/wp-content\/uploads\/2016\/08\/img024.jpg\"  title=\"femme brune IV, aquarelle et craie, 27x21 cm\" ><\/div><div class=\"thumbnail-overlay\"><div class=\"rbsTitle \">femme brune IV<\/div><div class=\"rbsIcons\"><i class=\"fa fa-search-plus rbsZoomIcon \" ><\/i><\/div><div class=\"rbsDesc \">femme brune IV, aquarelle et craie, 27x21 cm<\/div><\/div><\/div><\/div><div class=\"rbs-img  category24426 \"  data-columns=\"1\" ><div class=\"rbs-img-image   rbs-lightbox \"  data-descbox=\"femme brune VI, aquarelle et craie, 27x21 cm\" ><div class=\"rbs-img-thumbs\"  data-thumbnail=\"https:\/\/raymond-debieve.fr\/wp-content\/uploads\/2016\/08\/img025-792x1024.jpg\"  title=\"femme brune VI\"  data-width=\"792\"  data-height=\"1024\" ><\/div><div class=\"rbs-img-data-popup\"  data-popup=\"https:\/\/raymond-debieve.fr\/wp-content\/uploads\/2016\/08\/img025.jpg\"  title=\"femme brune VI, aquarelle et craie, 27x21 cm\" ><\/div><div class=\"thumbnail-overlay\"><div class=\"rbsTitle \">femme brune VI<\/div><div class=\"rbsIcons\"><i class=\"fa fa-search-plus rbsZoomIcon \" ><\/i><\/div><div class=\"rbsDesc \">femme brune VI, aquarelle et craie, 27x21 cm<\/div><\/div><\/div><\/div><div class=\"rbs-img  category24426 \"  data-columns=\"1\" ><div class=\"rbs-img-image   rbs-lightbox \"  data-descbox=\"femme brune VIII, aquarelle et craie, 27x21 cm\" ><div class=\"rbs-img-thumbs\"  data-thumbnail=\"https:\/\/raymond-debieve.fr\/wp-content\/uploads\/2016\/08\/img026-812x1024.jpg\"  title=\"femme brune VIII\"  data-width=\"812\"  data-height=\"1024\" ><\/div><div class=\"rbs-img-data-popup\"  data-popup=\"https:\/\/raymond-debieve.fr\/wp-content\/uploads\/2016\/08\/img026.jpg\"  title=\"femme brune VIII, aquarelle et craie, 27x21 cm\" ><\/div><div class=\"thumbnail-overlay\"><div class=\"rbsTitle \">femme brune VIII<\/div><div class=\"rbsIcons\"><i class=\"fa fa-search-plus rbsZoomIcon \" ><\/i><\/div><div class=\"rbsDesc \">femme brune VIII, aquarelle et craie, 27x21 cm<\/div><\/div><\/div><\/div><div class=\"rbs-img  category24426 \"  data-columns=\"1\" ><div class=\"rbs-img-image   rbs-lightbox \"  data-descbox=\"femme qui pleure V, aquarelle et craie, 27x21 cm\" ><div class=\"rbs-img-thumbs\"  data-thumbnail=\"https:\/\/raymond-debieve.fr\/wp-content\/uploads\/2016\/08\/img027-765x1024.jpg\"  title=\"femme qui pleure V\"  data-width=\"765\"  data-height=\"1024\" ><\/div><div class=\"rbs-img-data-popup\"  data-popup=\"https:\/\/raymond-debieve.fr\/wp-content\/uploads\/2016\/08\/img027.jpg\"  title=\"femme qui pleure V, aquarelle et craie, 27x21 cm\" ><\/div><div class=\"thumbnail-overlay\"><div class=\"rbsTitle \">femme qui pleure V<\/div><div class=\"rbsIcons\"><i class=\"fa fa-search-plus rbsZoomIcon \" ><\/i><\/div><div class=\"rbsDesc \">femme qui pleure V, aquarelle et craie, 27x21 cm<\/div><\/div><\/div><\/div><div class=\"rbs-img  category24426 \"  data-columns=\"1\" ><div class=\"rbs-img-image   rbs-lightbox \"  data-descbox=\"femme qui pleure IV, aquarelle et craie, 27x21 cm\" ><div class=\"rbs-img-thumbs\"  data-thumbnail=\"https:\/\/raymond-debieve.fr\/wp-content\/uploads\/2016\/08\/img028-791x1024.jpg\"  title=\"femme qui pleure IV\"  data-width=\"791\"  data-height=\"1024\" ><\/div><div class=\"rbs-img-data-popup\"  data-popup=\"https:\/\/raymond-debieve.fr\/wp-content\/uploads\/2016\/08\/img028.jpg\"  title=\"femme qui pleure IV, aquarelle et craie, 27x21 cm\" ><\/div><div class=\"thumbnail-overlay\"><div class=\"rbsTitle \">femme qui pleure IV<\/div><div class=\"rbsIcons\"><i class=\"fa fa-search-plus rbsZoomIcon \" ><\/i><\/div><div class=\"rbsDesc \">femme qui pleure IV, aquarelle et craie, 27x21 cm<\/div><\/div><\/div><\/div><div class=\"rbs-img  category24426 \"  data-columns=\"1\" ><div class=\"rbs-img-image   rbs-lightbox \"  data-descbox=\"femme qui pleure I, aquarelle et craie, 27x21 cm\" ><div class=\"rbs-img-thumbs\"  data-thumbnail=\"https:\/\/raymond-debieve.fr\/wp-content\/uploads\/2016\/08\/img029-825x1024.jpg\"  title=\"femme qui pleure I\"  data-width=\"825\"  data-height=\"1024\" ><\/div><div class=\"rbs-img-data-popup\"  data-popup=\"https:\/\/raymond-debieve.fr\/wp-content\/uploads\/2016\/08\/img029.jpg\"  title=\"femme qui pleure I, aquarelle et craie, 27x21 cm\" ><\/div><div class=\"thumbnail-overlay\"><div class=\"rbsTitle \">femme qui pleure I<\/div><div class=\"rbsIcons\"><i class=\"fa fa-search-plus rbsZoomIcon \" ><\/i><\/div><div class=\"rbsDesc \">femme qui pleure I, aquarelle et craie, 27x21 cm<\/div><\/div><\/div><\/div><div class=\"rbs-img  category24426 \"  data-columns=\"1\" ><div class=\"rbs-img-image   rbs-lightbox \"  data-descbox=\"femme qui pleure II, aquarelle et craie, 27x21 cm\" ><div class=\"rbs-img-thumbs\"  data-thumbnail=\"https:\/\/raymond-debieve.fr\/wp-content\/uploads\/2016\/08\/img030-845x1024.jpg\"  title=\"femme qui pleure II\"  data-width=\"845\"  data-height=\"1024\" ><\/div><div class=\"rbs-img-data-popup\"  data-popup=\"https:\/\/raymond-debieve.fr\/wp-content\/uploads\/2016\/08\/img030.jpg\"  title=\"femme qui pleure II, aquarelle et craie, 27x21 cm\" ><\/div><div class=\"thumbnail-overlay\"><div class=\"rbsTitle \">femme qui pleure II<\/div><div class=\"rbsIcons\"><i class=\"fa fa-search-plus rbsZoomIcon \" ><\/i><\/div><div class=\"rbsDesc \">femme qui pleure II, aquarelle et craie, 27x21 cm<\/div><\/div><\/div><\/div><div class=\"rbs-img  category24426 \"  data-columns=\"1\" ><div class=\"rbs-img-image   rbs-lightbox \"  data-descbox=\"Rembrandt I, aquarelle et craie, 27x21 cm\" ><div class=\"rbs-img-thumbs\"  data-thumbnail=\"https:\/\/raymond-debieve.fr\/wp-content\/uploads\/2016\/08\/img031-792x1024.jpg\"  title=\"Rembrandt I\"  data-width=\"792\"  data-height=\"1024\" ><\/div><div class=\"rbs-img-data-popup\"  data-popup=\"https:\/\/raymond-debieve.fr\/wp-content\/uploads\/2016\/08\/img031.jpg\"  title=\"Rembrandt I, aquarelle et craie, 27x21 cm\" ><\/div><div class=\"thumbnail-overlay\"><div class=\"rbsTitle \">Rembrandt I<\/div><div class=\"rbsIcons\"><i class=\"fa fa-search-plus rbsZoomIcon \" ><\/i><\/div><div class=\"rbsDesc \">Rembrandt I, aquarelle et craie, 27x21 cm<\/div><\/div><\/div><\/div><div class=\"rbs-img  category24426 \"  data-columns=\"1\" ><div class=\"rbs-img-image   rbs-lightbox \"  data-descbox=\"Rembrandt XV, aquarelle et craie, 27x21 cm\" ><div class=\"rbs-img-thumbs\"  data-thumbnail=\"https:\/\/raymond-debieve.fr\/wp-content\/uploads\/2016\/08\/img032-800x1024.jpg\"  title=\"Rembrandt XV\"  data-width=\"800\"  data-height=\"1024\" ><\/div><div class=\"rbs-img-data-popup\"  data-popup=\"https:\/\/raymond-debieve.fr\/wp-content\/uploads\/2016\/08\/img032.jpg\"  title=\"Rembrandt XV, aquarelle et craie, 27x21 cm\" ><\/div><div class=\"thumbnail-overlay\"><div class=\"rbsTitle \">Rembrandt XV<\/div><div class=\"rbsIcons\"><i class=\"fa fa-search-plus rbsZoomIcon \" ><\/i><\/div><div class=\"rbsDesc \">Rembrandt XV, aquarelle et craie, 27x21 cm<\/div><\/div><\/div><\/div><div class=\"rbs-img  category24426 \"  data-columns=\"1\" ><div class=\"rbs-img-image   rbs-lightbox \"  data-descbox=\"Rembrandt XX, aquarelle et craie, 27x21 cm\" ><div class=\"rbs-img-thumbs\"  data-thumbnail=\"https:\/\/raymond-debieve.fr\/wp-content\/uploads\/2016\/08\/img033-781x1024.jpg\"  title=\"Rembrandt XX\"  data-width=\"781\"  data-height=\"1024\" ><\/div><div class=\"rbs-img-data-popup\"  data-popup=\"https:\/\/raymond-debieve.fr\/wp-content\/uploads\/2016\/08\/img033.jpg\"  title=\"Rembrandt XX, aquarelle et craie, 27x21 cm\" ><\/div><div class=\"thumbnail-overlay\"><div class=\"rbsTitle \">Rembrandt XX<\/div><div class=\"rbsIcons\"><i class=\"fa fa-search-plus rbsZoomIcon \" ><\/i><\/div><div class=\"rbsDesc \">Rembrandt XX, aquarelle et craie, 27x21 cm<\/div><\/div><\/div><\/div><div class=\"rbs-img  category24426 \"  data-columns=\"1\" ><div class=\"rbs-img-image   rbs-lightbox \"  data-descbox=\"Rembrandt, aquarelle et craie, 27x21 cm\" ><div class=\"rbs-img-thumbs\"  data-thumbnail=\"https:\/\/raymond-debieve.fr\/wp-content\/uploads\/2016\/08\/img034-821x1024.jpg\"  title=\"Rembrandt VI\"  data-width=\"821\"  data-height=\"1024\" ><\/div><div class=\"rbs-img-data-popup\"  data-popup=\"https:\/\/raymond-debieve.fr\/wp-content\/uploads\/2016\/08\/img034.jpg\"  title=\"Rembrandt, aquarelle et craie, 27x21 cm\" ><\/div><div class=\"thumbnail-overlay\"><div class=\"rbsTitle \">Rembrandt VI<\/div><div class=\"rbsIcons\"><i class=\"fa fa-search-plus rbsZoomIcon \" ><\/i><\/div><div class=\"rbsDesc \">Rembrandt, aquarelle et craie, 27x21 cm<\/div><\/div><\/div><\/div><div class=\"rbs-img  category24426 \"  data-columns=\"1\" ><div class=\"rbs-img-image   rbs-lightbox \"  data-descbox=\"Rembrandt X, aquarelle et craie, 27x21 cm\" ><div class=\"rbs-img-thumbs\"  data-thumbnail=\"https:\/\/raymond-debieve.fr\/wp-content\/uploads\/2016\/08\/img035-785x1024.jpg\"  title=\"Rembrandt X\"  data-width=\"785\"  data-height=\"1024\" ><\/div><div class=\"rbs-img-data-popup\"  data-popup=\"https:\/\/raymond-debieve.fr\/wp-content\/uploads\/2016\/08\/img035.jpg\"  title=\"Rembrandt X, aquarelle et craie, 27x21 cm\" ><\/div><div class=\"thumbnail-overlay\"><div class=\"rbsTitle \">Rembrandt X<\/div><div class=\"rbsIcons\"><i class=\"fa fa-search-plus rbsZoomIcon \" ><\/i><\/div><div class=\"rbsDesc \">Rembrandt X, aquarelle et craie, 27x21 cm<\/div><\/div><\/div><\/div><div class=\"rbs-img  category24426 \"  data-columns=\"1\" ><div class=\"rbs-img-image   rbs-lightbox \"  data-descbox=\" femme colombe, dessin au crayon, 27x21 cm\" ><div class=\"rbs-img-thumbs\"  data-thumbnail=\"https:\/\/raymond-debieve.fr\/wp-content\/uploads\/2016\/08\/img036-711x1024.jpg\"  title=\"femme colombe II\"  data-width=\"711\"  data-height=\"1024\" ><\/div><div class=\"rbs-img-data-popup\"  data-popup=\"https:\/\/raymond-debieve.fr\/wp-content\/uploads\/2016\/08\/img036.jpg\"  title=\" femme colombe, dessin au crayon, 27x21 cm\" ><\/div><div class=\"thumbnail-overlay\"><div class=\"rbsTitle \">femme colombe II<\/div><div class=\"rbsIcons\"><i class=\"fa fa-search-plus rbsZoomIcon \" ><\/i><\/div><div class=\"rbsDesc \"> femme colombe, dessin au crayon, 27x21 cm<\/div><\/div><\/div><\/div><div class=\"rbs-img  category24426 \"  data-columns=\"1\" ><div class=\"rbs-img-image   rbs-lightbox \"  data-descbox=\"femme colombe, dessin au crayon, 27x21 cm\" ><div class=\"rbs-img-thumbs\"  data-thumbnail=\"https:\/\/raymond-debieve.fr\/wp-content\/uploads\/2016\/08\/img037-904x1024.jpg\"  title=\"femme colombe XXVII\"  data-width=\"900\"  data-height=\"1019\" ><\/div><div class=\"rbs-img-data-popup\"  data-popup=\"https:\/\/raymond-debieve.fr\/wp-content\/uploads\/2016\/08\/img037.jpg\"  title=\"femme colombe, dessin au crayon, 27x21 cm\" ><\/div><div class=\"thumbnail-overlay\"><div class=\"rbsTitle \">femme colombe XXVII<\/div><div class=\"rbsIcons\"><i class=\"fa fa-search-plus rbsZoomIcon \" ><\/i><\/div><div class=\"rbsDesc \">femme colombe, dessin au crayon, 27x21 cm<\/div><\/div><\/div><\/div><div class=\"rbs-img  category24426 \"  data-columns=\"1\" ><div class=\"rbs-img-image   rbs-lightbox \"  data-descbox=\"femme colombe, dessin au crayon, 27x21 cm\" ><div class=\"rbs-img-thumbs\"  data-thumbnail=\"https:\/\/raymond-debieve.fr\/wp-content\/uploads\/2016\/08\/img038-762x1024.jpg\"  title=\"femme colombe XXXIII\"  data-width=\"762\"  data-height=\"1024\" ><\/div><div class=\"rbs-img-data-popup\"  data-popup=\"https:\/\/raymond-debieve.fr\/wp-content\/uploads\/2016\/08\/img038.jpg\"  title=\"femme colombe, dessin au crayon, 27x21 cm\" ><\/div><div class=\"thumbnail-overlay\"><div class=\"rbsTitle \">femme colombe XXXIII<\/div><div class=\"rbsIcons\"><i class=\"fa fa-search-plus rbsZoomIcon \" ><\/i><\/div><div class=\"rbsDesc \">femme colombe, dessin au crayon, 27x21 cm<\/div><\/div><\/div><\/div><div class=\"rbs-img  category24426 \"  data-columns=\"1\" ><div class=\"rbs-img-image   rbs-lightbox \"  data-descbox=\"M\u00e8re et enfant \/ Coll. priv\u00e9e\" ><div class=\"rbs-img-thumbs\"  data-thumbnail=\"https:\/\/raymond-debieve.fr\/wp-content\/uploads\/2015\/11\/M\u00e8re-et-enfant-829x1024.jpg\"  title=\"M\u00e8re et enfant\"  data-width=\"829\"  data-height=\"1024\" ><\/div><div class=\"rbs-img-data-popup\"  data-popup=\"https:\/\/raymond-debieve.fr\/wp-content\/uploads\/2015\/11\/M\u00e8re-et-enfant.jpg\"  title=\"M\u00e8re et enfant \/ Coll. priv\u00e9e\" ><\/div><div class=\"thumbnail-overlay\"><div class=\"rbsTitle \">M\u00e8re et enfant<\/div><div class=\"rbsIcons\"><i class=\"fa fa-search-plus rbsZoomIcon \" ><\/i><\/div><div class=\"rbsDesc \"><\/div><\/div><\/div><\/div><div class=\"rbs-img  category24426 \" ><div class=\"rbs-img-image   rbs-lightbox \"  data-descbox=\"Au bateau \/ Coll. priv\u00e9e\" ><div class=\"rbs-img-thumbs\"  data-thumbnail=\"https:\/\/raymond-debieve.fr\/wp-content\/uploads\/2015\/11\/B\u00e9b\u00e9-au-bateau-554x1024.jpg\"  title=\"B\u00e9b\u00e9 au bateau\"  data-width=\"554\"  data-height=\"1024\" ><\/div><div class=\"rbs-img-data-popup\"  data-popup=\"https:\/\/raymond-debieve.fr\/wp-content\/uploads\/2015\/11\/B\u00e9b\u00e9-au-bateau.jpg\"  title=\"Au bateau \/ Coll. priv\u00e9e\" ><\/div><div class=\"thumbnail-overlay\"><div class=\"rbsTitle \">B\u00e9b\u00e9 au bateau<\/div><div class=\"rbsIcons\"><i class=\"fa fa-search-plus rbsZoomIcon \" ><\/i><\/div><div class=\"rbsDesc \"><\/div><\/div><\/div><\/div><div class=\"rbs-img  category24426 \" ><div class=\"rbs-img-image   rbs-lightbox \"  data-descbox=\"En promenade \/ Coll. priv\u00e9e\" ><div class=\"rbs-img-thumbs\"  data-thumbnail=\"https:\/\/raymond-debieve.fr\/wp-content\/uploads\/2015\/11\/KarineGabriel-757x1024.jpg\"  title=\"Karine et Gabriel\"  data-width=\"757\"  data-height=\"1024\" ><\/div><div class=\"rbs-img-data-popup\"  data-popup=\"https:\/\/raymond-debieve.fr\/wp-content\/uploads\/2015\/11\/KarineGabriel.jpg\"  title=\"En promenade \/ Coll. priv\u00e9e\" ><\/div><div class=\"thumbnail-overlay\"><div class=\"rbsTitle \">Karine et Gabriel<\/div><div class=\"rbsIcons\"><i class=\"fa fa-search-plus rbsZoomIcon \" ><\/i><\/div><div class=\"rbsDesc \"><\/div><\/div><\/div><\/div><div class=\"rbs-img  category24426 \"  data-columns=\"1\" ><div class=\"rbs-img-image   rbs-lightbox \"  data-descbox=\"A la p\u00eache \/ Coll. priv\u00e9e\" ><div class=\"rbs-img-thumbs\"  data-thumbnail=\"https:\/\/raymond-debieve.fr\/wp-content\/uploads\/2015\/11\/PecheavecGabriel-734x1024.jpg\"  title=\"PecheavecGabriel\"  data-width=\"734\"  data-height=\"1024\" ><\/div><div class=\"rbs-img-data-popup\"  data-popup=\"https:\/\/raymond-debieve.fr\/wp-content\/uploads\/2015\/11\/PecheavecGabriel.jpg\"  title=\"A la p\u00eache \/ Coll. priv\u00e9e\" ><\/div><div class=\"thumbnail-overlay\"><div class=\"rbsTitle \">PecheavecGabriel<\/div><div class=\"rbsIcons\"><i class=\"fa fa-search-plus rbsZoomIcon \" ><\/i><\/div><div class=\"rbsDesc \"><\/div><\/div><\/div><\/div><div class=\"rbs-img  category24426 \"  data-columns=\"1\" ><div class=\"rbs-img-image   rbs-lightbox \"  data-descbox=\"\u00e9migr\u00e9s \/ Coll.priv\u00e9e\" ><div class=\"rbs-img-thumbs\"  data-thumbnail=\"https:\/\/raymond-debieve.fr\/wp-content\/uploads\/2015\/11\/Emigres-1024x730.jpg\"  title=\"Emigres\"  data-width=\"900\"  data-height=\"642\" ><\/div><div class=\"rbs-img-data-popup\"  data-popup=\"https:\/\/raymond-debieve.fr\/wp-content\/uploads\/2015\/11\/Emigres.jpg\"  title=\"\u00e9migr\u00e9s \/ Coll.priv\u00e9e\" ><\/div><div class=\"thumbnail-overlay\"><div class=\"rbsTitle \">Emigres<\/div><div class=\"rbsIcons\"><i class=\"fa fa-search-plus rbsZoomIcon \" ><\/i><\/div><div class=\"rbsDesc \"><\/div><\/div><\/div><\/div><div class=\"rbs-img  category24426 \"  data-columns=\"1\" ><div class=\"rbs-img-image   rbs-lightbox \"  data-descbox=\"liseuse, 20x15cm, gravure (multiple) encre blanche, en vente \" ><div class=\"rbs-img-thumbs\"  data-thumbnail=\"https:\/\/raymond-debieve.fr\/wp-content\/uploads\/2016\/08\/img046-780x1024.jpg\"  title=\"liseuse\"  data-width=\"780\"  data-height=\"1024\" ><\/div><div class=\"rbs-img-data-popup\"  data-popup=\"https:\/\/raymond-debieve.fr\/wp-content\/uploads\/2016\/08\/img046.jpg\"  title=\"liseuse, 20x15cm, gravure (multiple) encre blanche, en vente \"  data-alt=\"liseuse, 20x15cm, gravure\" ><\/div><div class=\"thumbnail-overlay\"><div class=\"rbsTitle \">liseuse<\/div><div class=\"rbsIcons\"><i class=\"fa fa-search-plus rbsZoomIcon \" ><\/i><\/div><div class=\"rbsDesc \">liseuse, 20x15cm, gravure (multiple) encre blanche<\/div><\/div><\/div><\/div><div class=\"rbs-img  category24426 \"  data-columns=\"1\" ><div class=\"rbs-img-image   rbs-lightbox \"  data-descbox=\"t\u00eate, 12 x 15 cm, gravure 3 encres (multiple)\" ><div class=\"rbs-img-thumbs\"  data-thumbnail=\"https:\/\/raymond-debieve.fr\/wp-content\/uploads\/2016\/08\/img045.jpg\"  title=\"t\u00eate\"  data-width=\"858\"  data-height=\"700\" ><\/div><div class=\"rbs-img-data-popup\"  data-popup=\"https:\/\/raymond-debieve.fr\/wp-content\/uploads\/2016\/08\/img045.jpg\"  title=\"t\u00eate, 12 x 15 cm, gravure 3 encres (multiple)\"  data-alt=\"t\u00eate - 12 x 15 cm -gravure\" ><\/div><div class=\"thumbnail-overlay\"><div class=\"rbsTitle \">t\u00eate<\/div><div class=\"rbsIcons\"><i class=\"fa fa-search-plus rbsZoomIcon \" ><\/i><\/div><div class=\"rbsDesc \">t\u00eate, 12 x 15 cm, gravure 3 encres (multiple)<\/div><\/div><\/div><\/div><div class=\"rbs-img  category24426 \"  data-columns=\"1\" ><div class=\"rbs-img-image   rbs-lightbox \"  data-descbox=\"fl\u00fbtiste, 14 x 21,5 cm, gravure (multiple)\" ><div class=\"rbs-img-thumbs\"  data-thumbnail=\"https:\/\/raymond-debieve.fr\/wp-content\/uploads\/2016\/08\/img044-1024x656.jpg\"  title=\"fl\u00fbtiste\"  data-width=\"900\"  data-height=\"577\" ><\/div><div class=\"rbs-img-data-popup\"  data-popup=\"https:\/\/raymond-debieve.fr\/wp-content\/uploads\/2016\/08\/img044.jpg\"  title=\"fl\u00fbtiste, 14 x 21,5 cm, gravure (multiple)\"  data-alt=\"fl\u00fbtiste - 14 x 21,5 cm - gravure\" ><\/div><div class=\"thumbnail-overlay\"><div class=\"rbsTitle \">fl\u00fbtiste<\/div><div class=\"rbsIcons\"><i class=\"fa fa-search-plus rbsZoomIcon \" ><\/i><\/div><div class=\"rbsDesc \">fl\u00fbtiste, 14x21,5 cm, gravure (multiple) par Raymond Debi\u00e8ve<\/div><\/div><\/div><\/div><div class=\"rbs-img  category24426 \" ><div class=\"rbs-img-image   rbs-lightbox \"  data-descbox=\"fl\u00fbtiste et chouette, 21,5x16 cm, lino gravure (multiple)\" ><div class=\"rbs-img-thumbs\"  data-thumbnail=\"https:\/\/raymond-debieve.fr\/wp-content\/uploads\/2016\/08\/img041-769x1024.jpg\"  title=\"fl\u00fbtiste et chouette\"  data-width=\"769\"  data-height=\"1024\" ><\/div><div class=\"rbs-img-data-popup\"  data-popup=\"https:\/\/raymond-debieve.fr\/wp-content\/uploads\/2016\/08\/img041.jpg\"  title=\"fl\u00fbtiste et chouette, 21,5x16 cm, lino gravure (multiple)\" ><\/div><div class=\"thumbnail-overlay\"><div class=\"rbsTitle \">fl\u00fbtiste et chouette<\/div><div class=\"rbsIcons\"><i class=\"fa fa-search-plus rbsZoomIcon \" ><\/i><\/div><div class=\"rbsDesc \">fl\u00fbtiste et chouette, 21,5x16 cm, lino gravure (multiple)<\/div><\/div><\/div><\/div><div class=\"rbs-img  category24426 \" ><div class=\"rbs-img-image   rbs-lightbox \"  data-descbox=\"fl\u00fbtiste et ch\u00e8vre au soleil, 14x21,5 cm, gravure (multiple)\" ><div class=\"rbs-img-thumbs\"  data-thumbnail=\"https:\/\/raymond-debieve.fr\/wp-content\/uploads\/2016\/08\/img042-1024x649.jpg\"  title=\"fl\u00fbtiste et ch\u00e8vre au soleil\"  data-width=\"900\"  data-height=\"570\" ><\/div><div class=\"rbs-img-data-popup\"  data-popup=\"https:\/\/raymond-debieve.fr\/wp-content\/uploads\/2016\/08\/img042.jpg\"  title=\"fl\u00fbtiste et ch\u00e8vre au soleil, 14x21,5 cm, gravure (multiple)\" ><\/div><div class=\"thumbnail-overlay\"><div class=\"rbsTitle \">fl\u00fbtiste et ch\u00e8vre au soleil<\/div><div class=\"rbsIcons\"><i class=\"fa fa-search-plus rbsZoomIcon \" ><\/i><\/div><div class=\"rbsDesc \">fl\u00fbtiste et ch\u00e8vre au soleil, 14x21,5 cm, gravure (multiple)<\/div><\/div><\/div><\/div><div class=\"rbs-img  category24426 \" ><div class=\"rbs-img-image   rbs-lightbox \"  data-descbox=\"fl\u00fbtiste et ch\u00e8vre, 28x20,5 cm, gravure (multiple)\" ><div class=\"rbs-img-thumbs\"  data-thumbnail=\"https:\/\/raymond-debieve.fr\/wp-content\/uploads\/2016\/08\/img043-757x1024.jpg\"  title=\"fl\u00fbtiste et ch\u00e8vre\"  data-width=\"757\"  data-height=\"1024\" ><\/div><div class=\"rbs-img-data-popup\"  data-popup=\"https:\/\/raymond-debieve.fr\/wp-content\/uploads\/2016\/08\/img043.jpg\"  title=\"fl\u00fbtiste et ch\u00e8vre, 28x20,5 cm, gravure (multiple)\" ><\/div><div class=\"thumbnail-overlay\"><div class=\"rbsTitle \">fl\u00fbtiste et ch\u00e8vre<\/div><div class=\"rbsIcons\"><i class=\"fa fa-search-plus rbsZoomIcon \" ><\/i><\/div><div class=\"rbsDesc \">fl\u00fbtiste et ch\u00e8vre, 28x20,5 cm, gravure (multiple)<\/div><\/div><\/div><\/div><div class=\"rbs-img  category24426 \" ><div class=\"rbs-img-image   rbs-lightbox \"  data-descbox=\"fl\u00fbtiste et ch\u00e8vre sous l&#039;arbre, 21,5x16 cm, gravure (multiple)\" ><div class=\"rbs-img-thumbs\"  data-thumbnail=\"https:\/\/raymond-debieve.fr\/wp-content\/uploads\/2016\/08\/img040-793x1024.jpg\"  title=\"fl\u00fbtiste et ch\u00e8vre sous l&#039;arbre\"  data-width=\"793\"  data-height=\"1024\" ><\/div><div class=\"rbs-img-data-popup\"  data-popup=\"https:\/\/raymond-debieve.fr\/wp-content\/uploads\/2016\/08\/img040.jpg\"  title=\"fl\u00fbtiste et ch\u00e8vre sous l&#039;arbre, 21,5x16 cm, gravure (multiple)\" ><\/div><div class=\"thumbnail-overlay\"><div class=\"rbsTitle \">fl\u00fbtiste et ch\u00e8vre sous l&#039;arbre<\/div><div class=\"rbsIcons\"><i class=\"fa fa-search-plus rbsZoomIcon \" ><\/i><\/div><div class=\"rbsDesc \">fl\u00fbtiste et ch\u00e8vre sous l&#039;arbre, 21,5x16 cm, gravure (multiple)<\/div><\/div><\/div><\/div><div class=\"rbs-img  category24426 \" ><div class=\"rbs-img-image   rbs-lightbox \"  data-descbox=\"femme qui pleure, 22x15,5 cm, gravure encre blanche (multiple)\" ><div class=\"rbs-img-thumbs\"  data-thumbnail=\"https:\/\/raymond-debieve.fr\/wp-content\/uploads\/2016\/08\/img039-724x1024.jpg\"  title=\"femme qui pleure\"  data-width=\"724\"  data-height=\"1024\" ><\/div><div class=\"rbs-img-data-popup\"  data-popup=\"https:\/\/raymond-debieve.fr\/wp-content\/uploads\/2016\/08\/img039.jpg\"  title=\"femme qui pleure, 22x15,5 cm, gravure encre blanche (multiple)\" ><\/div><div class=\"thumbnail-overlay\"><div class=\"rbsTitle \">femme qui pleure<\/div><div class=\"rbsIcons\"><i class=\"fa fa-search-plus rbsZoomIcon \" ><\/i><\/div><div class=\"rbsDesc \">femme qui pleure, 22x15,5 cm, gravure encre blanche (multiple)<\/div><\/div><\/div><\/div><div class=\"rbs-img  category24426 \"  data-columns=\"1\" ><div class=\"rbs-img-image   rbs-lightbox \"  data-descbox=\"14-18 - encre de Chine - 10\/11\/68\" ><div class=\"rbs-img-thumbs\"  data-thumbnail=\"https:\/\/raymond-debieve.fr\/wp-content\/uploads\/2018\/10\/14-18005-586x1024.jpg\"  title=\"14-18 coq - encre de Chine de Raymond Debi\u00e8ve\"  data-width=\"586\"  data-height=\"1024\" ><\/div><div class=\"rbs-img-data-popup\"  data-popup=\"https:\/\/raymond-debieve.fr\/wp-content\/uploads\/2018\/10\/14-18005.jpg\"  title=\"14-18 - encre de Chine - 10\/11\/68\" ><\/div><div class=\"thumbnail-overlay\"><div class=\"rbsTitle \">14-18 coq - encre de Chine de Raymond Debi\u00e8ve<\/div><div class=\"rbsIcons\"><i class=\"fa fa-search-plus rbsZoomIcon \" ><\/i><\/div><div class=\"rbsDesc \"><\/div><\/div><\/div><\/div><div class=\"rbs-img  category24426 \"  data-columns=\"1\" ><div class=\"rbs-img-image   rbs-lightbox \"  data-descbox=\"14-18 - encre de Chine - 10\/11\/68\" ><div class=\"rbs-img-thumbs\"  data-thumbnail=\"https:\/\/raymond-debieve.fr\/wp-content\/uploads\/2018\/10\/14-18004-586x1024.jpg\"  title=\"14-18 aigle Raymond Debi\u00e8ve\"  data-width=\"586\"  data-height=\"1024\" ><\/div><div class=\"rbs-img-data-popup\"  data-popup=\"https:\/\/raymond-debieve.fr\/wp-content\/uploads\/2018\/10\/14-18004.jpg\"  title=\"14-18 - encre de Chine - 10\/11\/68\" ><\/div><div class=\"thumbnail-overlay\"><div class=\"rbsTitle \">14-18 aigle Raymond Debi\u00e8ve<\/div><div class=\"rbsIcons\"><i class=\"fa fa-search-plus rbsZoomIcon \" ><\/i><\/div><div class=\"rbsDesc \"><\/div><\/div><\/div><\/div><div class=\"rbs-img  category24426 \"  data-columns=\"1\" ><div class=\"rbs-img-image   rbs-lightbox \"  data-descbox=\"14-18 - encre de Chine - 10\/11\/68\" ><div class=\"rbs-img-thumbs\"  data-thumbnail=\"https:\/\/raymond-debieve.fr\/wp-content\/uploads\/2018\/10\/14-18003-586x1024.jpg\"  title=\"14-18 encre de Chine de Raymond Debi\u00e8ve\"  data-width=\"586\"  data-height=\"1024\" ><\/div><div class=\"rbs-img-data-popup\"  data-popup=\"https:\/\/raymond-debieve.fr\/wp-content\/uploads\/2018\/10\/14-18003.jpg\"  title=\"14-18 - encre de Chine - 10\/11\/68\" ><\/div><div class=\"thumbnail-overlay\"><div class=\"rbsTitle \">14-18 encre de Chine de Raymond Debi\u00e8ve<\/div><div class=\"rbsIcons\"><i class=\"fa fa-search-plus rbsZoomIcon \" ><\/i><\/div><div class=\"rbsDesc \"><\/div><\/div><\/div><\/div><div class=\"rbs-img  category24426 \"  data-columns=\"1\" ><div class=\"rbs-img-image   rbs-lightbox \"  data-descbox=\"14-18 - encre de Chine de Raymond Debi\u00e8ve - 10\/11\/68\" ><div class=\"rbs-img-thumbs\"  data-thumbnail=\"https:\/\/raymond-debieve.fr\/wp-content\/uploads\/2018\/10\/14-18002-800x1024.jpg\"  title=\"14-18 encre de Chine de Raymond Debi\u00e8ve\"  data-width=\"800\"  data-height=\"1024\" ><\/div><div class=\"rbs-img-data-popup\"  data-popup=\"https:\/\/raymond-debieve.fr\/wp-content\/uploads\/2018\/10\/14-18002.jpg\"  title=\"14-18 - encre de Chine de Raymond Debi\u00e8ve - 10\/11\/68\" ><\/div><div class=\"thumbnail-overlay\"><div class=\"rbsTitle \">14-18 encre de Chine de Raymond Debi\u00e8ve<\/div><div class=\"rbsIcons\"><i class=\"fa fa-search-plus rbsZoomIcon \" ><\/i><\/div><div class=\"rbsDesc \"><\/div><\/div><\/div><\/div><div class=\"rbs-img  category24426 \"  data-columns=\"1\" ><div class=\"rbs-img-image   rbs-lightbox \"  data-descbox=\"14-18 - encre de Chine - 10\/11\/68\" ><div class=\"rbs-img-thumbs\"  data-thumbnail=\"https:\/\/raymond-debieve.fr\/wp-content\/uploads\/2018\/10\/14-18001-603x1024.jpg\"  title=\"14-18001\"  data-width=\"603\"  data-height=\"1024\" ><\/div><div class=\"rbs-img-data-popup\"  data-popup=\"https:\/\/raymond-debieve.fr\/wp-content\/uploads\/2018\/10\/14-18001.jpg\"  title=\"14-18 - encre de Chine - 10\/11\/68\" ><\/div><div class=\"thumbnail-overlay\"><div class=\"rbsTitle \">14-18001<\/div><div class=\"rbsIcons\"><i class=\"fa fa-search-plus rbsZoomIcon \" ><\/i><\/div><div class=\"rbsDesc \"><\/div><\/div><\/div><\/div><div class=\"rbs-img  category24426 \" ><div class=\"rbs-img-image   rbs-lightbox \"  data-descbox=\"Taureau - IX, Raymond Debi\u00e8ve, dessin au feutre, 1967, 24,5x31,5cm\" ><div class=\"rbs-img-thumbs\"  data-thumbnail=\"https:\/\/raymond-debieve.fr\/wp-content\/uploads\/2019\/01\/taureau-9-1024x802.jpg\"  title=\"Taureau - IX, Raymond Debi\u00e8ve, dessin au feutre\"  data-width=\"900\"  data-height=\"705\" ><\/div><div class=\"rbs-img-data-popup\"  data-popup=\"https:\/\/raymond-debieve.fr\/wp-content\/uploads\/2019\/01\/taureau-9.jpg\"  title=\"Taureau - IX, Raymond Debi\u00e8ve, dessin au feutre, 1967, 24,5x31,5cm\" ><\/div><div class=\"thumbnail-overlay\"><div class=\"rbsTitle \">Taureau - IX, Raymond Debi\u00e8ve, dessin au feutre<\/div><div class=\"rbsIcons\"><i class=\"fa fa-search-plus rbsZoomIcon \" ><\/i><\/div><div class=\"rbsDesc \">Taureau - IX, Raymond Debi\u00e8ve, dessin au feutre, 1967, 24,5x31,5cm<\/div><\/div><\/div><\/div><div class=\"rbs-img  category24426 \" ><div class=\"rbs-img-image   rbs-lightbox \"  data-descbox=\"Taureau - VIII, Raymond Debi\u00e8ve, dessin au feutre, 1967, 24,5x31,5cm\" ><div class=\"rbs-img-thumbs\"  data-thumbnail=\"https:\/\/raymond-debieve.fr\/wp-content\/uploads\/2019\/01\/taureau-8-1024x790.jpg\"  title=\"Taureau - VIII, Raymond Debi\u00e8ve\"  data-width=\"900\"  data-height=\"694\" ><\/div><div class=\"rbs-img-data-popup\"  data-popup=\"https:\/\/raymond-debieve.fr\/wp-content\/uploads\/2019\/01\/taureau-8.jpg\"  title=\"Taureau - VIII, Raymond Debi\u00e8ve, dessin au feutre, 1967, 24,5x31,5cm\" ><\/div><div class=\"thumbnail-overlay\"><div class=\"rbsTitle \">Taureau - VIII, Raymond Debi\u00e8ve<\/div><div class=\"rbsIcons\"><i class=\"fa fa-search-plus rbsZoomIcon \" ><\/i><\/div><div class=\"rbsDesc \">Taureau - VIII, Raymond Debi\u00e8ve, dessin au feutre, 1967, 24,5x31,5cm<\/div><\/div><\/div><\/div><div class=\"rbs-img  category24426 \" ><div class=\"rbs-img-image   rbs-lightbox \"  data-descbox=\"Taureau - VII, Raymond Debi\u00e8ve, dessin au feutre, 1967, 24,5x31,5cm\" ><div class=\"rbs-img-thumbs\"  data-thumbnail=\"https:\/\/raymond-debieve.fr\/wp-content\/uploads\/2019\/01\/taureau-7-1024x784.jpg\"  title=\"Taureau - VII, Raymond Debi\u00e8ve\"  data-width=\"900\"  data-height=\"689\" ><\/div><div class=\"rbs-img-data-popup\"  data-popup=\"https:\/\/raymond-debieve.fr\/wp-content\/uploads\/2019\/01\/taureau-7.jpg\"  title=\"Taureau - VII, Raymond Debi\u00e8ve, dessin au feutre, 1967, 24,5x31,5cm\" ><\/div><div class=\"thumbnail-overlay\"><div class=\"rbsTitle \">Taureau - VII, Raymond Debi\u00e8ve<\/div><div class=\"rbsIcons\"><i class=\"fa fa-search-plus rbsZoomIcon \" ><\/i><\/div><div class=\"rbsDesc \">Taureau - VII, Raymond Debi\u00e8ve, dessin au feutre, 1967, 24,5x31,5cm<\/div><\/div><\/div><\/div><div class=\"rbs-img  category24426 \" ><div class=\"rbs-img-image   rbs-lightbox \"  data-descbox=\"Taureau - VI, Raymond Debi\u00e8ve, dessin au feutre, 1967, 24,5x31,5cm\" ><div class=\"rbs-img-thumbs\"  data-thumbnail=\"https:\/\/raymond-debieve.fr\/wp-content\/uploads\/2019\/01\/taureau-6-1024x801.jpg\"  title=\"Taureau - VI, Raymond Debi\u00e8ve\"  data-width=\"900\"  data-height=\"704\" ><\/div><div class=\"rbs-img-data-popup\"  data-popup=\"https:\/\/raymond-debieve.fr\/wp-content\/uploads\/2019\/01\/taureau-6.jpg\"  title=\"Taureau - VI, Raymond Debi\u00e8ve, dessin au feutre, 1967, 24,5x31,5cm\" ><\/div><div class=\"thumbnail-overlay\"><div class=\"rbsTitle \">Taureau - VI, Raymond Debi\u00e8ve<\/div><div class=\"rbsIcons\"><i class=\"fa fa-search-plus rbsZoomIcon \" ><\/i><\/div><div class=\"rbsDesc \">Taureau - VI, Raymond Debi\u00e8ve, dessin au feutre, 1967, 24,5x31,5cm<\/div><\/div><\/div><\/div><div class=\"rbs-img  category24426 \" ><div class=\"rbs-img-image   rbs-lightbox \"  data-descbox=\"Taureau - V, Raymond Debi\u00e8ve, dessin au feutre, 1967, 24,5x31,5cm\" ><div class=\"rbs-img-thumbs\"  data-thumbnail=\"https:\/\/raymond-debieve.fr\/wp-content\/uploads\/2019\/01\/taureau-5-1024x813.jpg\"  title=\"Taureau - V, Raymond Debi\u00e8ve\"  data-width=\"900\"  data-height=\"715\" ><\/div><div class=\"rbs-img-data-popup\"  data-popup=\"https:\/\/raymond-debieve.fr\/wp-content\/uploads\/2019\/01\/taureau-5.jpg\"  title=\"Taureau - V, Raymond Debi\u00e8ve, dessin au feutre, 1967, 24,5x31,5cm\" ><\/div><div class=\"thumbnail-overlay\"><div class=\"rbsTitle \">Taureau - V, Raymond Debi\u00e8ve<\/div><div class=\"rbsIcons\"><i class=\"fa fa-search-plus rbsZoomIcon \" ><\/i><\/div><div class=\"rbsDesc \">Taureau - V, Raymond Debi\u00e8ve, dessin au feutre, 1967, 24,5x31,5cm<\/div><\/div><\/div><\/div><div class=\"rbs-img  category24426 \" ><div class=\"rbs-img-image   rbs-lightbox \"  data-descbox=\"Taureau - IV, Raymond Debi\u00e8ve, dessin au feutre, 1967, 24,5x31,5cm\" ><div class=\"rbs-img-thumbs\"  data-thumbnail=\"https:\/\/raymond-debieve.fr\/wp-content\/uploads\/2019\/01\/taureau-4-1024x787.jpg\"  title=\"Taureau - IV, Raymond Debi\u00e8ve\"  data-width=\"900\"  data-height=\"692\" ><\/div><div class=\"rbs-img-data-popup\"  data-popup=\"https:\/\/raymond-debieve.fr\/wp-content\/uploads\/2019\/01\/taureau-4.jpg\"  title=\"Taureau - IV, Raymond Debi\u00e8ve, dessin au feutre, 1967, 24,5x31,5cm\" ><\/div><div class=\"thumbnail-overlay\"><div class=\"rbsTitle \">Taureau - IV, Raymond Debi\u00e8ve<\/div><div class=\"rbsIcons\"><i class=\"fa fa-search-plus rbsZoomIcon \" ><\/i><\/div><div class=\"rbsDesc \">Taureau - IV, Raymond Debi\u00e8ve, dessin au feutre, 1967, 24,5x31,5cm<\/div><\/div><\/div><\/div><div class=\"rbs-img  category24426 \"  data-columns=\"1\" ><div class=\"rbs-img-image   rbs-lightbox \"  data-descbox=\"Taureau - III, Raymond Debi\u00e8ve, dessin au feutre, 1967, 24,5x31,5cm\" ><div class=\"rbs-img-thumbs\"  data-thumbnail=\"https:\/\/raymond-debieve.fr\/wp-content\/uploads\/2019\/01\/taureau-3-1024x850.jpg\"  title=\"Taureau - III, Raymond Debi\u00e8ve\"  data-width=\"900\"  data-height=\"747\" ><\/div><div class=\"rbs-img-data-popup\"  data-popup=\"https:\/\/raymond-debieve.fr\/wp-content\/uploads\/2019\/01\/taureau-3.jpg\"  title=\"Taureau - III, Raymond Debi\u00e8ve, dessin au feutre, 1967, 24,5x31,5cm\" ><\/div><div class=\"thumbnail-overlay\"><div class=\"rbsTitle \">Taureau - III, Raymond Debi\u00e8ve<\/div><div class=\"rbsIcons\"><i class=\"fa fa-search-plus rbsZoomIcon \" ><\/i><\/div><div class=\"rbsDesc \">Taureau - III, Raymond Debi\u00e8ve, dessin au feutre, 1967, 24,5x31,5cm<\/div><\/div><\/div><\/div><div class=\"rbs-img  category24426 \"  data-columns=\"1\" ><div class=\"rbs-img-image   rbs-lightbox \"  data-descbox=\"Taureau - II, Raymond Debi\u00e8ve, dessin au feutre, 1967, 24,5x31,5cm\" ><div class=\"rbs-img-thumbs\"  data-thumbnail=\"https:\/\/raymond-debieve.fr\/wp-content\/uploads\/2019\/01\/taureau-2-1024x794.jpg\"  title=\"Taureau - II, Raymond Debi\u00e8ve\"  data-width=\"900\"  data-height=\"698\" ><\/div><div class=\"rbs-img-data-popup\"  data-popup=\"https:\/\/raymond-debieve.fr\/wp-content\/uploads\/2019\/01\/taureau-2.jpg\"  title=\"Taureau - II, Raymond Debi\u00e8ve, dessin au feutre, 1967, 24,5x31,5cm\" ><\/div><div class=\"thumbnail-overlay\"><div class=\"rbsTitle \">Taureau - II, Raymond Debi\u00e8ve<\/div><div class=\"rbsIcons\"><i class=\"fa fa-search-plus rbsZoomIcon \" ><\/i><\/div><div class=\"rbsDesc \">Taureau - II, Raymond Debi\u00e8ve, dessin au feutre, 1967, 24,5x31,5cm<\/div><\/div><\/div><\/div><div class=\"rbs-img  category24426 \"  data-columns=\"1\" ><div class=\"rbs-img-image   rbs-lightbox \"  data-descbox=\"Taureau - I, Raymond Debi\u00e8ve, dessin au feutre, 1967, 24,5x31,5cm\" ><div class=\"rbs-img-thumbs\"  data-thumbnail=\"https:\/\/raymond-debieve.fr\/wp-content\/uploads\/2019\/01\/taureau-1-1024x785.jpg\"  title=\"Taureau - I, Raymond Debi\u00e8ve\"  data-width=\"900\"  data-height=\"690\" ><\/div><div class=\"rbs-img-data-popup\"  data-popup=\"https:\/\/raymond-debieve.fr\/wp-content\/uploads\/2019\/01\/taureau-1.jpg\"  title=\"Taureau - I, Raymond Debi\u00e8ve, dessin au feutre, 1967, 24,5x31,5cm\" ><\/div><div class=\"thumbnail-overlay\"><div class=\"rbsTitle \">Taureau - I, Raymond Debi\u00e8ve<\/div><div class=\"rbsIcons\"><i class=\"fa fa-search-plus rbsZoomIcon \" ><\/i><\/div><div class=\"rbsDesc \">Taureau - I, Raymond Debi\u00e8ve, dessin au feutre, 1967, 24,5x31,5cm<\/div><\/div><\/div><\/div><\/div><\/div><\/div><script>var rbs_gallery_69f5002d099ef = {\"version\":\"5.1.3\",\"id\":24426,\"class\":\"id24426\",\"roboGalleryDelay\":1000,\"mainContainer\":\"#robo_gallery_main_block_rbs_gallery_69f5002d099ef\",\"loadingContainer\":\"#rbs_gallery_69f5002d099ef-block-loader\",\"loadingContainerObj\":\"rbs_gallery_69f5002d099ef-block-loader\",\"columnWidth\":\"auto\",\"columns\":4,\"resolutions\":[{\"columnWidth\":\"auto\",\"columns\":2,\"maxWidth\":960},{\"columnWidth\":\"auto\",\"columns\":2,\"maxWidth\":650},{\"columnWidth\":\"auto\",\"columns\":1,\"maxWidth\":450}],\"descBox\":true,\"descBoxClass\":\"rbs_desc_panel_light\",\"hideTitle\":true,\"lightboxOptions\":{\"gallery\":{\"enabled\":true,\"tCounter\":\"%curr% de %total%\"},\"image\":{\"verticalFit\":true},\"mainClass\":\"my-mfp-slide-bottom mfp-img-mobile\"},\"overlayEffect\":\"direction-aware-fade\",\"boxesToLoadStart\":12,\"boxesToLoad\":8,\"waitUntilThumbLoads\":1,\"LoadingWord\":\"En cours de chargement...\",\"loadMoreWord\":\"Plus...\",\"noMoreEntriesWord\":\"Fin de liste\",\"horizontalSpaceBetweenBoxes\":15,\"verticalSpaceBetweenBoxes\":15,\"lazyLoad\":1,\"wrapContainer\":\"#robo-gallery-wrap-rbs_gallery_69f5002d099ef\",\"filterContainer\":\"#rbs_gallery_69f5002d099effilter\",\"loadMoreClass\":\"button-flat button-rounded button-small \"};<\/script>","protected":false},"excerpt":{"rendered":"Sorry, this entry is only available in Fran\u00e7ais.Tout voirarlequin - 27 x 21 cmarlequin - 27 x 21 cmch\u00e8vre et loup encre craie - 22,5x 19,5 cmch\u00e8vre et loup encre craie - 22,5x 19,5 cmdans l&#039;atelier - 21 x 14 cmdans l&#039;atelier - 21 x 14 cmDebi\u00e8ve - la musique - 10,5x21 cmDebi\u00e8ve - la [...]","protected":false},"author":1,"featured_media":0,"parent":0,"menu_order":0,"comment_status":"closed","ping_status":"closed","template":"","meta":{"_exactmetrics_skip_tracking":false,"_exactmetrics_sitenote_active":false,"_exactmetrics_sitenote_note":"","_exactmetrics_sitenote_category":0,"footnotes":""},"class_list":["post-26686","page","type-page","status-publish","hentry"],"_links":{"self":[{"href":"https:\/\/raymond-debieve.fr\/en\/wp-json\/wp\/v2\/pages\/26686","targetHints":{"allow":["GET"]}}],"collection":[{"href":"https:\/\/raymond-debieve.fr\/en\/wp-json\/wp\/v2\/pages"}],"about":[{"href":"https:\/\/raymond-debieve.fr\/en\/wp-json\/wp\/v2\/types\/page"}],"author":[{"embeddable":true,"href":"https:\/\/raymond-debieve.fr\/en\/wp-json\/wp\/v2\/users\/1"}],"replies":[{"embeddable":true,"href":"https:\/\/raymond-debieve.fr\/en\/wp-json\/wp\/v2\/comments?post=26686"}],"version-history":[{"count":1,"href":"https:\/\/raymond-debieve.fr\/en\/wp-json\/wp\/v2\/pages\/26686\/revisions"}],"predecessor-version":[{"id":26687,"href":"https:\/\/raymond-debieve.fr\/en\/wp-json\/wp\/v2\/pages\/26686\/revisions\/26687"}],"wp:attachment":[{"href":"https:\/\/raymond-debieve.fr\/en\/wp-json\/wp\/v2\/media?parent=26686"}],"curies":[{"name":"wp","href":"https:\/\/api.w.org\/{rel}","templated":true}]}}